{"id":5035,"date":"2025-06-25T10:39:57","date_gmt":"2025-06-25T13:39:57","guid":{"rendered":"https:\/\/www.vet.una.py\/?page_id=5035"},"modified":"2026-04-22T10:45:56","modified_gmt":"2026-04-22T13:45:56","slug":"jornadas-de-jovenes-investigadores-de-la-universidad-nacional-de-asuncion-jji-una","status":"publish","type":"page","link":"https:\/\/www.vet.una.py\/?page_id=5035","title":{"rendered":"Jornadas de J\u00f3venes Investigadores e Innovadores de la Universidad Nacional de Asunci\u00f3n (JJI+i-UNA)"},"content":{"rendered":"\n<div style=\"height:100px\" aria-hidden=\"true\" class=\"wp-block-spacer\"><\/div>\n\n\n\n<p>Las Jornadas de J\u00f3venes Investigadores de la Universidad Nacional de Asunci\u00f3n (JJI-UNA) son realizadas desde el a\u00f1o 2007 y en ellas han participado m\u00e1s de 2.500 j\u00f3venes investigadores, quienes a lo largo de estos a\u00f1os han&nbsp;demostrado iniciativa y una gran capacidad profesional y han&nbsp;obtenido m\u00e1s de 50 galardones internacionales por estas investigaciones.&nbsp;<\/p>\n\n\n\n<p>Las JJI-UNA desde esta edici\u00f3n pasan a denominarse <strong>JORNADA DE J\u00d3VENES INVESTIGADORES E INNOVADORES (JJI+i) de la UNA.<\/strong> As\u00ed las JJI-UNA se han consolidado como el principal espacio de iniciaci\u00f3n cient\u00edfica en Paraguay.<\/p>\n\n\n\n<h1>XX JJI+i UNA 2026<\/h1>\n\n\n\n<p>La&nbsp;<strong>UNIVERSIDAD NACIONAL DE ASUNCI\u00d3N<\/strong>&nbsp;convoca a presentar trabajos de investigaci\u00f3n en las&nbsp;<a href=\"https:\/\/jovenesinvestigadores.una.py\/\" target=\"_blank\" rel=\"noreferrer noopener\"><strong>XX <strong>JORNADA DE J\u00d3VENES INVESTIGADORES E INNOVADORES (JJI+i) de la UNA<\/strong><\/strong>,<\/a> a ser realizadas los d\u00edas <strong>21, 22 y 23 de julio de 2026<\/strong>, en modalidad presencial en el Campus de la UNA, San Lorenzo.<\/p>\n\n\n\n<h4>Convocatoria 2026<\/h4>\n\n\n\n<ul><li>Presentar los documentos en formato digital antes del&nbsp;<strong>Martes 16 de junio de 2026, 13:00 hs.<\/strong>&nbsp;al correo investigacion@vet.una.py adjuntando los sgtes documentos:<\/li><li><a rel=\"noreferrer noopener\" href=\"https:\/\/jovenesinvestigadores.una.py\/\" target=\"_blank\">Formulario de inscripci\u00f3n<\/a>&nbsp;en formato editable (Word)<\/li><li>Copia digital de la C\u00e9dula de Identidad del Autor Principal (en PDF)<\/li><li>Resumen y Trabajo Completo en formato Word. (<a rel=\"noreferrer noopener\" href=\"https:\/\/jovenesinvestigadores.una.py\/\" target=\"_blank\">ver Convocatoria<\/a>)<\/li><li>Poster en formato PDF (<a rel=\"noreferrer noopener\" href=\"https:\/\/jovenesinvestigadores.una.py\/\" target=\"_blank\">ver Convocatoria<\/a>)<\/li><\/ul>\n\n\n\n<ul><li>Acceda aqu\u00ed a la p\u00e1gina de la Convocatoria: <a rel=\"noreferrer noopener\" href=\"https:\/\/jovenesinvestigadores.una.py\/\" target=\"_blank\">https:\/\/jovenesinvestigadores.una.py\/<\/a><\/li><\/ul>\n\n\n\n<h4>Cronograma de las XX JJI UNA<\/h4>\n\n\n\n<figure class=\"wp-block-table\"><table><tbody><tr><td><strong>ACTIVIDAD<\/strong><\/td><td><strong>PLAZOS<\/strong><\/td><td><strong>RESPONSABLES<\/strong><\/td><\/tr><tr><td>Taller: Introducci\u00f3n a la Redacci\u00f3n Cient\u00edfica (modalidad virtual)<\/td><td>7 de mayo y 21 de mayo<\/td><td>DGICT-RECTORADO-UNA<\/td><\/tr><tr><td><strong>Cierre de plazo para inscripci\u00f3n y presentaci\u00f3n de los trabajos en la FCV-UNA.<\/strong><\/td><td>Hasta el <strong>Martes 16 de junio de 2026, 13:00 hs.<\/strong><\/td><td><strong>DICT-FCV-UNA<\/strong><\/td><\/tr><tr><td>XX Jornadas J\u00f3venes Investigadores e Innovadores de la UNA<\/td><td> 21, 22 y 23 de julio de 2026<\/td><td>Comit\u00e9 Organizador<\/td><\/tr><tr><td><a rel=\"noreferrer noopener\" href=\"https:\/\/grupomontevideo.org\/site\/jornada-de-jovenes-investigadores-2\/\" target=\"_blank\">XXXIII JJI AUGM organizadas por la Universidad Federal do Rio Grande do Sul &#8211; UFRGS\u00a0<\/a> <\/td><td>20, 21 y 22 de octubre de 2026, Porto Alegre &#8211; Brasil<\/td><td>Comit\u00e9 Organizador \u2013 UFRGS<\/td><\/tr><\/tbody><\/table><\/figure>\n\n\n\n<p><em>Mas informes en la Direcci\u00f3n de Investigaci\u00f3n Cient\u00edfica y Tecnol\u00f3gica de la FCV-UNA o mediante correo electr\u00f3nico a investigacion@vet.una.py<\/em><\/p>\n\n\n\n<hr class=\"wp-block-separator has-alpha-channel-opacity\"\/>\n\n\n\n<h1>XIX JJI+i UNA 2025<\/h1>\n\n\n\n<figure class=\"wp-block-image size-large\"><a href=\"https:\/\/jovenesinvestigadores.una.py\/\"><img loading=\"lazy\" width=\"1024\" height=\"576\" src=\"https:\/\/www.vet.una.py\/wp-content\/uploads\/2025\/06\/jjiuna2025-1024x576.jpg\" alt=\"\" class=\"wp-image-5036\" srcset=\"https:\/\/www.vet.una.py\/wp-content\/uploads\/2025\/06\/jjiuna2025-1024x576.jpg 1024w, https:\/\/www.vet.una.py\/wp-content\/uploads\/2025\/06\/jjiuna2025-300x169.jpg 300w, https:\/\/www.vet.una.py\/wp-content\/uploads\/2025\/06\/jjiuna2025-768x432.jpg 768w, https:\/\/www.vet.una.py\/wp-content\/uploads\/2025\/06\/jjiuna2025.jpg 1280w\" sizes=\"(max-width: 1024px) 100vw, 1024px\" \/><\/a><\/figure>\n\n\n\n<hr class=\"wp-block-separator has-alpha-channel-opacity\"\/>\n\n\n\n<h5>Listado de trabajos de la Facultad de Ciencias Veterinarias, que representaran a esta Instituci\u00f3n en las XIX Jornadas de J\u00f3venes Investigadores e Innovadores de la Universidad Nacional de Asunci\u00f3n.<\/h5>\n\n\n\n<figure class=\"wp-block-table\"><table><tbody><tr><td><strong>N\u00b0&nbsp;<\/strong><\/td><td><strong>Autor<\/strong><\/td><td><strong>T\u00edtulo del Trabajo<\/strong><\/td><\/tr><tr><td>1<\/td><td>Karen Beatriz Andino Galeano<\/td><td>EVALUACI\u00d3N DE LA GANANCIA DE PESO EN TILAPIA (<em>Oreochromis niloticus<\/em>) CON DISTINTAS FRECUENCIAS DEL SUMINISTRO DE LA RACI\u00d3N, UTILIZANDO BALANCEADO COMERCIAL EN EL DISTRITO DE ITAPE, DEPARTAMENTO DEL GUAIR\u00c1, A\u00d1O 2024<\/td><\/tr><tr><td>2<\/td><td>Mar\u00eda Jos\u00e9 Vera Larramendia<\/td><td>DIAGN\u00d3STICO DE BRUCELOSIS (PRUEBA DEL ANILLO EN LECHE Y ROSA DE BENGALA) EN VACAS LECHERAS DE PEQUE\u00d1OS PRODUCTORES EN LA PERIFERIA DE LA CIUDAD DE CAAZAP\u00c1, A\u00d1O 2024<\/td><\/tr><tr><td>3<\/td><td>Lu\u00eds Andr\u00e9s B\u00e1ez Gim\u00e9nez<\/td><td>CALIDAD DEL CALOSTRO EN VACAS DE BIOTIPO LECHERO Y LA TRANSFERENCIA PASIVA DE ANTICUERPOS EN TERNEROS<\/td><\/tr><tr><td>4<\/td><td>Osmar Eduardo Robledo Lugo<\/td><td>INSEMINACI\u00d3N ARTIFICIAL A TIEMPO FIJO EN GANADO BOVINO BRANGUS CON PROTOCOLO SIN ESTRADIOL: ADAPTACI\u00d3N A RESTRICCIONES DE MERCADOS INTERNACIONALES<\/td><\/tr><tr><td>5<\/td><td>Maria Del Mar Aquino Duarte<\/td><td>PREVALENCIA DE PAR\u00c1SITOS GASTROINTESTINALES EN BOVINOS DE DIFERENTES CATEGOR\u00cdAS EN TRES ESTABLECIMIENTOS DEL DEPARTAMENTO DE PARAGUAR\u00cd EN EL A\u00d1O 2022<\/td><\/tr><tr><td>6<\/td><td>Sannie Noelia Avalos Colm\u00e1n<\/td><td>ESTUDIO RETROSPECTIVO SOBRE LA PREVALENCIA DE BRUCELOSIS BOVINA EN EL PARAGUAY DURANTE EL PERIODO 2017 \u2013 2022<\/td><\/tr><tr><td>7<\/td><td>Bermidia Mar\u00eda De Lourdes Ben\u00edtez Gonz\u00e1lez<\/td><td>BABESIOSIS Y THEILERIOSIS EQUINA: ESTUDIO SEROL\u00d3GICO EN UN CENTRO ECUESTRE PARAGUAYO<\/td><\/tr><tr><td>8<\/td><td>Paola Carolina Bogarin Viana<\/td><td>UTILIZACI\u00d3N DE ENRIQUECIMIENTO AMBIENTAL Y SU EFECTO SOBRE LA OCURRENCIA DE COMPORTAMIENTOS DELET\u00c9REOS EN LECHONES DE LA DIVISI\u00d3N DE GANADO PORCINO, FCV-UNA.<\/td><\/tr><tr><td>9<\/td><td>Tania Maluf Fern\u00e1ndez Galeano<\/td><td>PERFIL MINERAL (Ca, P, Mg) EN BOVINOS DEL DEPARTAMENTO DE SAN PEDRO, ALIMENTADOS A PASTURA NATURAL.<\/td><\/tr><tr><td>10<\/td><td>Danya Lizbet Insaurralde Balbuena<\/td><td>IDENTIFICACI\u00d3N DE ORGANISMOS SIMBIONTES DEL PRIMER ESLAB\u00d3N DE LA CADENA TR\u00d3FICA UTILIZADOS EN ACUICULTURA EN EL DEPARTAMENTO DE PESCA Y ACUICULTURA DE LA FACULTAD DE CIENCIAS VETERINARIAS DE LA UNIVERSIDAD NACIONAL DE ASUNCI\u00d3N EN EL A\u00d1O 2025.<\/td><\/tr><tr><td>11<\/td><td>&nbsp;H\u00e9ctor Ram\u00f3n L\u00f3pez Vega<\/td><td>ESTUDIO DESCRIPTIVO SOBRE LA FRECUENCIA DE CONSUMO DE PRODUCTOS PESQUEROS EN PESCADER\u00cdAS DE LAS CIUDADES DE SAN ANTONIO Y VILLETA EN EL A\u00d1O 2024<\/td><\/tr><\/tbody><\/table><\/figure>\n\n\n\n<h4>Trabajo de investigaci\u00f3n seleccionado en las XIX Jornadas de J\u00f3venes Investigadores e Innovadores para participar de la <a rel=\"noreferrer noopener\" href=\"https:\/\/32jji.unt.edu.ar\/\" target=\"_blank\">32\u00b0 Edici\u00f3n de las Jornadas de J\u00f3venes Investigadores de la Asociaci\u00f3n de Universidades del Grupo Montevideo<\/a>. <a rel=\"noreferrer noopener\" href=\"https:\/\/www.una.py\/jovenes-investigadores-e-innovadores-de-la-una-representaran-a-paraguay-en-argentina\" target=\"_blank\">https:\/\/www.una.py\/jovenes-investigadores-e-innovadores-de-la-una-representaran-a-paraguay-en-argentina<\/a><\/h4>\n\n\n\n<figure class=\"wp-block-table\"><table><tbody><tr><td><strong>N\u00b0&nbsp;<\/strong><\/td><td><strong>Autor<\/strong><\/td><td><strong>T\u00edtulo del Trabajo<\/strong><\/td><\/tr><tr><td>1<\/td><td>Tania Maluf Fern\u00e1ndez Galeano<\/td><td>PERFIL MINERAL (Ca, P, Mg) EN BOVINOS DEL DEPARTAMENTO DE SAN PEDRO, ALIMENTADOS A PASTURA NATURAL.<\/td><\/tr><\/tbody><\/table><\/figure>\n\n\n\n<hr class=\"wp-block-separator has-alpha-channel-opacity\"\/>\n\n\n\n<h1>XVIII JJI UNA 2024<\/h1>\n\n\n\n<p>La&nbsp;<strong>UNIVERSIDAD NACIONAL DE ASUNCI\u00d3N<\/strong>&nbsp;convoca a presentar trabajos de investigaci\u00f3n en las&nbsp;<strong><a rel=\"noreferrer noopener\" href=\"https:\/\/jovenesinvestigadores.una.py\/\" target=\"_blank\">XVIII Jornadas de J\u00f3venes Investigadores de la UNA<\/a><\/strong>, a ser realizadas los d\u00edas 23, 24 y 25 de julio de 2024, en modalidad presencial en el Campus de la UNA, San Lorenzo.<\/p>\n\n\n\n<hr class=\"wp-block-separator has-alpha-channel-opacity\"\/>\n\n\n\n<h4>Cronograma de las XVII JJI-UNA<\/h4>\n\n\n\n<figure class=\"wp-block-table\"><table><tbody><tr><td><strong>ACTIVIDAD<\/strong><\/td><td><strong>PLAZOS<\/strong><\/td><td><strong>RESPONSABLES<\/strong><\/td><\/tr><tr><td>Taller te\u00f3rico-pr\u00e1ctico 1: Introducci\u00f3n a la Redacci\u00f3n Cient\u00edfica (3 horas).<\/td><td>Junio 2024<\/td><td>DGICT-RECTORADO-UNA<\/td><\/tr><tr><td>Taller te\u00f3rico-pr\u00e1ctico 2: Introducci\u00f3n a la Redacci\u00f3n Cient\u00edfica (3 horas).<\/td><td>Junio 2024<\/td><td>DGICT-RECTORADO-UNA<\/td><\/tr><tr><td><strong>Cierre de plazo para inscripci\u00f3n y presentaci\u00f3n de los trabajos en la FCV-UNA.<\/strong><\/td><td><strong>Mi\u00e9rcoles 12 de junio de 2024, 13:00 hs.<\/strong><\/td><td><strong>DICT-FCV-UNA<\/strong><\/td><\/tr><tr><td>XVIII Jornadas J\u00f3venes Investigadores de la UNA<\/td><td>23, 24 y 25 de julio de 2024<\/td><td>Comit\u00e9 Organizador<\/td><\/tr><tr><td><a href=\"https:\/\/lets.4.events\/31%EF%BF%BD-jornadas-de-jovenes-investigadores-augm-udelar-2024-C23100E3\" target=\"_blank\" rel=\"noreferrer noopener\">31\u00b0 Edici\u00f3n de las JJI AUGM \u2013 \u201c<\/a><em><a href=\"https:\/\/lets.4.events\/31%EF%BF%BD-jornadas-de-jovenes-investigadores-augm-udelar-2024-C23100E3\" target=\"_blank\" rel=\"noreferrer noopener\">Educaci\u00f3n Superior, Bienestar Colectivo y Convivencia Democr\u00e1tica<\/a><\/em><a href=\"https:\/\/lets.4.events\/31%EF%BF%BD-jornadas-de-jovenes-investigadores-augm-udelar-2024-C23100E3\" target=\"_blank\" rel=\"noreferrer noopener\">\u201d.<\/a><\/td><td>6, 7 y 8 de noviembre de 2024, Montevideo \u2013 Rca. de Uruguay.<\/td><td>Comit\u00e9 Organizador \u2013 Universidad de la Rep\u00fablica (Udelar)<\/td><\/tr><\/tbody><\/table><\/figure>\n\n\n\n<hr class=\"wp-block-separator has-alpha-channel-opacity\"\/>\n\n\n\n<ul><li>Presentar los documentos en formato digital antes del&nbsp;<strong>Mi\u00e9rcoles 12 de junio de 2024, 13:00 hs.<\/strong>&nbsp;al correo investigacion@vet.una.py adjuntando los sgtes documentos:<\/li><li><a rel=\"noreferrer noopener\" href=\"https:\/\/jovenesinvestigadores.una.py\/\" target=\"_blank\">Formulario de inscripci\u00f3n<\/a>&nbsp;en formato editable (Word)<\/li><li>Copia digital de la C\u00e9dula de Identidad del Autor Principal (en PDF)<\/li><li>Resumen y Trabajo Completo en formato Word. (<a rel=\"noreferrer noopener\" href=\"https:\/\/jovenesinvestigadores.una.py\/\" target=\"_blank\">ver Convocatoria<\/a>)<\/li><li>Poster en formato PDF (<a rel=\"noreferrer noopener\" href=\"https:\/\/jovenesinvestigadores.una.py\/\" target=\"_blank\">ver Convocatoria<\/a>)<\/li><\/ul>\n\n\n\n<hr class=\"wp-block-separator has-alpha-channel-opacity\"\/>\n\n\n\n<ul><li>Acceda aqu\u00ed a la p\u00e1gina de la Convocatoria:<\/li><li><a rel=\"noreferrer noopener\" href=\"https:\/\/jovenesinvestigadores.una.py\/\" target=\"_blank\">https:\/\/jovenesinvestigadores.una.py\/<\/a><\/li><\/ul>\n\n\n\n<hr class=\"wp-block-separator has-alpha-channel-opacity\"\/>\n\n\n\n<p><em>Mas informes en la Direcci\u00f3n de Investigaci\u00f3n Cient\u00edfica y Tecnol\u00f3gica de la FCV-UNA o mediante correo electr\u00f3nico a investigacion@vet.una.py<\/em><\/p>\n\n\n\n<hr class=\"wp-block-separator has-alpha-channel-opacity\"\/>\n\n\n\n<h4>Listado de trabajos de la Facultad de Ciencias Veterinarias, que representaron a esta Instituci\u00f3n en las XVIII Jornadas de J\u00f3venes Investigadores de la Universidad Nacional de Asunci\u00f3n.<\/h4>\n\n\n\n<figure class=\"wp-block-table\"><table><tbody><tr><td><strong>Autor<\/strong><\/td><td><strong>T\u00edtulo del Trabajo<\/strong><\/td><\/tr><tr><td>V\u00edctor Samuel Ben\u00edtez Gonz\u00e1lez<\/td><td>DESCRIPCI\u00d3N DE LESIONES HISTOPATOL\u00d3GICAS EN \u00daVEA DE CANINOS NATURALMENTE INFECTADOS CON <em>Leishmania<\/em> spp.<\/td><\/tr><tr><td>Carlos Manuel Caceres Alvarenga<\/td><td>FRECUENCIA DE <em>Leptospira <\/em>spp. POR REACCION EN CADENA DE LA POLIMERASA CONVENCIONAL (PCRc) EN EL GANADO BOVINO DE CARNE EN UN ESTABLECIMIENTO DEL DISTRITO DE 3 DE MAYO, DEPARTAMENTO DE CAAZAP\u00c1, A\u00d1O 2023<\/td><\/tr><tr><td>Sofia Yeruti Chirife B\u00e1ez&nbsp;<\/td><td>FRECUENCIA DE LARVAS DE <em>Cochliomyia<\/em> spp. (GBG) EN HERIDAS DE <em>Canis lupus familiaris<\/em> EN EL BARRIO LAURELTY DE LA CIUDAD DE LUQUE A\u00d1O 2019<\/td><\/tr><tr><td>Mar\u00eda Bel\u00e9n Franco Bogado<\/td><td>EVALUACI\u00d3N DE LA RETRACCI\u00d3N DE LOS CORNETES NASALES PORCINOS UTILIZANDO HIPOCLORITO DE SODIO AL 4% EN EL PROCESO DE PLASTINACI\u00d3N&nbsp;<\/td><\/tr><tr><td>Tessi Mar\u00eda Micaela Galli Sardi<\/td><td>ESTUDIO DESCRIPTIVO DE LOS HALLAZGOS CITOL\u00d3GICOS EN CONJUNTIVA DE CANINOS Y FELINOS CON LESIONES MACROSC\u00d3PICAS QUE ACUDEN AL HOSPITAL VETERINARIO \u00a8PROF. DR. JOS\u00c9 VICENTE N\u00da\u00d1EZ\u00a8 DE LA FACULTAD DE CIENCIAS VETERINARIAS \u2013 UNA, A\u00d1O 2023.<\/td><\/tr><tr><td>Kristel Elianni Resqu\u00edn Denis<\/td><td>MORFOMETR\u00cdA INTESTINAL EN POLLOS PARRILLEROS ALIMENTADOS CON PIENSOS ADITIVADOS CON <em>Saccharomyces cerevisiae<\/em>, \u00c1CIDOS ORG\u00c1NICOS Y MONENSINA.<\/td><\/tr><tr><td>Fabiola Mar\u00eda Samudio Turr\u00f3<\/td><td>ESTUDIO COMPARATIVO DE LAS PRUEBAS: REACCI\u00d3N EN CADENA DE LA POLIMERASA Y PRUEBA DE AGLUTINACI\u00d3N MICROSC\u00d3PICA PARA EL DIAGN\u00d3STICO DE LA LEPTOSPIROSIS EN GANADO BOVINO DE CARNE EN UN ESTABLECIMIENTO DEL DISTRITO DE 3 DE MAYO, DEPARTAMENTO DE CAAZAP\u00c1, PARAGUAY.<\/td><\/tr><tr><td>&nbsp;Alba Ysapy Barreto Almada<\/td><td>EVALUACI\u00d3N DEL TIEMPO DE CICATRIZACI\u00d3N DE \u00daLCERAS CORNEALES SUPERFICIALES CON LA UTILIZACCI\u00d3N DE DOS TRATAMIENTOS (PLASMA RICO EN PLAQUETAS Y UN PRODUCTO COMERCIAL) EN PACIENTES CANINOS QUE ACUDEN A UNA CL\u00cdNICA PRIVADA EN LA CIUDAD VILLARRICA DEL ESP\u00cdRITU SANTO EN EL A\u00d1O 2023<\/td><\/tr><tr><td>Silvino Ram\u00f3n Ben\u00edtez Adorno<\/td><td>UTILIZACI\u00d3N DEL JUGO DE CA\u00d1A DE AZUCAR (MOSTO) EN LA ALIMENTACI\u00d3N DE POLLOS PARRILLEROS Y SU EFECTO SOBRE LOS PARAMETROS PRODUCTIVOS, EN LA COMPA\u00d1\u00cdA SOLALINDE, DISTRITO DE MACIEL, DEPARTAMENTO DE CAAZAP\u00c1, A\u00d1O 2023<\/td><\/tr><tr><td>Deisy Dahiana Gallinar Lopez<\/td><td>FRECUENCIA DE <em>Mycoplasma<\/em> spp EN GATOS (<em>Felis catus<\/em>), QUE INGRESAN AL HOSPITAL VETERINARIO DE LA FACULTAD DE CIENCIAS VETERINARIAS-UNA. SEDE SAN LORENZO. A\u00d1O 2023<\/td><\/tr><tr><td>Francisco Javier Vecca Ocampos<\/td><td>UTILIZACI\u00d3N DEL SUERO DE QUESO (LIQUIDO) EN LA ALIMENTACI\u00d3N DE POLLOS PARRILLEROS Y SU EFECTO SOBRE LOS PARAMETROS PRODUCTIVOS, EN EL DISTRITO DE SAN SALVADOR, DEPARTAMENTO DEL GUAIR\u00c1, A\u00d1O 2023<\/td><\/tr><tr><td>Jos\u00e9 Alejandro Enciso P\u00e9rez<\/td><td>TENENCIA RESPONSABLE DE ANIMALES DE COMPA\u00d1\u00cdA Y CONOCIMIENTO DEL MARCO LEGAL EN TRES BARRIOS DEL \u00c1REA URBANA DEL DISTRITO DE PILAR, PARAGUAY<\/td><\/tr><tr><td>Adriana Gissel Schmidtke Buss<\/td><td>INCIDENCIA DE CETOSIS SUBCLINICA EN VACAS LECHERAS DURANTE EL POSPARTO TEMPRANO EN CINCO DISTRITOS DEL DEPARTAMENTO DE ITAPUA \u2013 PARAGUAY, A\u00d1O 2023<\/td><\/tr><\/tbody><\/table><\/figure>\n\n\n\n<hr class=\"wp-block-separator has-alpha-channel-opacity\"\/>\n\n\n\n<h4>Trabajos de investigaci\u00f3n seleccionados en las XVIII Jornadas de J\u00f3venes Investigadores de la UNA para participar de la <a rel=\"noreferrer noopener\" href=\"https:\/\/lets.4.events\/31%EF%BF%BD-jornadas-de-jovenes-investigadores-augm-udelar-2024-C23100E3\" target=\"_blank\">31\u00b0 Edici\u00f3n de las Jornadas de J\u00f3venes Investigadores <\/a>de la Asociaci\u00f3n de Universidades del Grupo Montevideo. <a href=\"https:\/\/www.una.py\/trabajos-cientificos-destacados-en-las-xviii-jji-augm\" target=\"_blank\" rel=\"noreferrer noopener\">https:\/\/www.una.py\/trabajos-cientificos-destacados-en-las-xviii-jji-augm<\/a><\/h4>\n\n\n\n<figure class=\"wp-block-table\"><table><tbody><tr><td><strong>Autor<\/strong><\/td><td><strong>T\u00edtulo del Trabajo<\/strong><\/td><\/tr><tr><td>Tessi Mar\u00eda Micaela Galli Sardi<\/td><td>ESTUDIO DESCRIPTIVO DE LOS HALLAZGOS CITOL\u00d3GICOS EN CONJUNTIVA DE CANINOS Y FELINOS CON LESIONES MACROSC\u00d3PICAS QUE ACUDEN AL HOSPITAL VETERINARIO \u00a8PROF. DR. JOS\u00c9 VICENTE N\u00da\u00d1EZ\u00a8 DE LA FACULTAD DE CIENCIAS VETERINARIAS \u2013 UNA, A\u00d1O 2023.<\/td><\/tr><tr><td>Deisy Dahiana Gallinar Lopez<\/td><td>FRECUENCIA DE <em>Mycoplasma<\/em> spp EN GATOS (<em>Felis catus<\/em>), QUE INGRESAN AL HOSPITAL VETERINARIO DE LA FACULTAD DE CIENCIAS VETERINARIAS-UNA. SEDE SAN LORENZO. A\u00d1O 2023<\/td><\/tr><tr><td>Jos\u00e9 Alejandro Enciso P\u00e9rez<\/td><td>TENENCIA RESPONSABLE DE ANIMALES DE COMPA\u00d1\u00cdA Y CONOCIMIENTO DEL MARCO LEGAL EN TRES BARRIOS DEL \u00c1REA URBANA DEL DISTRITO DE PILAR, PARAGUAY<\/td><\/tr><\/tbody><\/table><\/figure>\n\n\n\n<h4 id=\"mce_9\">Trabajos de investigaci\u00f3n con Distinci\u00f3n en formato Poster \u2013 \u00c1rea de Ciencias Agrarias y Veterinarias en las XVIII Jornadas de J\u00f3venes Investigadores de la UNA. <a rel=\"noreferrer noopener\" href=\"https:\/\/www.una.py\/trabajos-cientificos-destacados-en-las-xviii-jji-augm\" target=\"_blank\">https:\/\/www.una.py\/trabajos-cientificos-destacados-en-las-xviii-jji-augm<\/a><\/h4>\n\n\n\n<figure class=\"wp-block-table\"><table><tbody><tr><td><strong>Autor<\/strong><\/td><td><strong>T\u00edtulo del Trabajo<\/strong><\/td><\/tr><tr><td>&nbsp;Alba Ysapy Barreto Almada<\/td><td>EVALUACI\u00d3N DEL TIEMPO DE CICATRIZACI\u00d3N DE \u00daLCERAS CORNEALES SUPERFICIALES CON LA UTILIZACCI\u00d3N DE DOS TRATAMIENTOS (PLASMA RICO EN PLAQUETAS Y UN PRODUCTO COMERCIAL) EN PACIENTES CANINOS QUE ACUDEN A UNA CL\u00cdNICA PRIVADA EN LA CIUDAD VILLARRICA DEL ESP\u00cdRITU SANTO EN EL A\u00d1O 2023<\/td><\/tr><tr><td>Jos\u00e9 Alejandro Enciso P\u00e9rez<\/td><td>TENENCIA RESPONSABLE DE ANIMALES DE COMPA\u00d1\u00cdA Y CONOCIMIENTO DEL MARCO LEGAL EN TRES BARRIOS DEL \u00c1REA URBANA DEL DISTRITO DE PILAR, PARAGUAY<\/td><\/tr><\/tbody><\/table><\/figure>\n\n\n\n<hr class=\"wp-block-separator has-alpha-channel-opacity\"\/>\n\n\n\n<h1>XVII JJI UNA 2023<\/h1>\n\n\n\n<figure class=\"wp-block-image\"><img src=\"http:\/\/www.vet.una.py\/investigacion\/wp-content\/uploads\/2023\/06\/flyer-JJI-XVII-UNA-2023-1024x576.jpg\" alt=\"\" class=\"wp-image-957\"\/><\/figure>\n\n\n\n<p>La <strong>UNIVERSIDAD NACIONAL DE ASUNCI\u00d3N<\/strong>&nbsp;convoca a presentar trabajos de investigaci\u00f3n en las <strong><a rel=\"noreferrer noopener\" href=\"https:\/\/jovenesinvestigadores.una.py\/\" target=\"_blank\">XVII Jornadas de J\u00f3venes Investigadores de la UNA<\/a><\/strong>, a ser realizadas los d\u00edas 19, 20 y 21 de julio de 2023, en modalidad presencial en el Campus de la UNA, San Lorenzo.<\/p>\n\n\n\n<hr class=\"wp-block-separator has-alpha-channel-opacity\"\/>\n\n\n\n<h4>Cronograma de las XVII JJI-UNA<\/h4>\n\n\n\n<figure class=\"wp-block-table\"><table><tbody><tr><td><strong>ACTIVIDAD<\/strong><\/td><td><strong>PLAZOS<\/strong><\/td><td><strong>RESPONSABLES<\/strong><\/td><\/tr><tr><td>Taller te\u00f3rico-pr\u00e1ctico 1: Introducci\u00f3n a la Redacci\u00f3n Cient\u00edfica (3 horas).<\/td><td>25 de abril de 2023<\/td><td>DGICT-RECTORADO-UNA<\/td><\/tr><tr><td>Taller te\u00f3rico-pr\u00e1ctico 2: Introducci\u00f3n a la Redacci\u00f3n Cient\u00edfica (3 horas).<\/td><td>17 de mayo de 2023<\/td><td>DGICT-RECTORADO-UNA<\/td><\/tr><tr><td><strong>Cierre de plazo para inscripci\u00f3n y presentaci\u00f3n de los trabajos en la FCV-UNA.<\/strong><\/td><td><strong>Martes 13 de junio de 2023, 13:00 hs.<\/strong><\/td><td><strong>DICT-FCV-UNA<\/strong><\/td><\/tr><tr><td>XVII Jornadas J\u00f3venes Investigadores de la UNA<\/td><td>19, 20 y 21 de julio de 2023<\/td><td>Comit\u00e9 Organizador<\/td><\/tr><tr><td>Presentaci\u00f3n en la ETyC 2023 \u2013 Facultad Polit\u00e9cnica<\/td><td>Setiembre de 2023<\/td><td>DGICT y J\u00f3venes Investigadores Seleccionados<\/td><\/tr><tr><td>Trig\u00e9sima Edici\u00f3n de las JJI AUGM organizadas por la UNA<\/td><td>11, 12 y 13 de octubre de 2023, San Lorenzo<\/td><td>Comit\u00e9 Organizador<\/td><\/tr><\/tbody><\/table><\/figure>\n\n\n\n<hr class=\"wp-block-separator has-alpha-channel-opacity\"\/>\n\n\n\n<ul><li>Acceda aqu\u00ed a las p\u00e1ginas de la Convocatoria:<\/li><li><a rel=\"noreferrer noopener\" href=\"https:\/\/jovenesinvestigadores.una.py\/\" target=\"_blank\">https:\/\/jovenesinvestigadores.una.py\/<\/a><\/li><li><a href=\"https:\/\/jji2023.una.py\/\" target=\"_blank\" rel=\"noreferrer noopener\">https:\/\/jji2023.una.py\/<\/a><\/li><\/ul>\n\n\n\n<hr class=\"wp-block-separator has-alpha-channel-opacity\"\/>\n\n\n\n<ul><li>Presentar los documentos en formato digital antes del <strong>Martes 13 de junio de 2023, 13:00 hs.<\/strong> al correo investigacion@vet.una.py adjuntando los sgtes documentos:<\/li><li><a rel=\"noreferrer noopener\" href=\"https:\/\/jovenesinvestigadores.una.py\/\" target=\"_blank\">Formulario de inscripci\u00f3n<\/a> en formato editable (Word)<\/li><li>Copia digital de la C\u00e9dula de Identidad del Autor Principal (en PDF)<\/li><li>Poster en formato PDF (<a rel=\"noreferrer noopener\" href=\"https:\/\/jovenesinvestigadores.una.py\/\" target=\"_blank\">ver Convocatoria<\/a>)<\/li><li>Resumen y Trabajo Completo en formato Word. (<a rel=\"noreferrer noopener\" href=\"https:\/\/jovenesinvestigadores.una.py\/\" target=\"_blank\">ver Convocatoria<\/a>)<\/li><li>Para nombrar los archivos verificar Ejes y Temas en <a rel=\"noreferrer noopener\" href=\"https:\/\/jji2023.una.py\/convocatoria\/#ejes\" target=\"_blank\">https:\/\/jji2023.una.py\/convocatoria\/#ejes<\/a><\/li><\/ul>\n\n\n\n<hr class=\"wp-block-separator has-alpha-channel-opacity\"\/>\n\n\n\n<p><em>Mas informes en la Direcci\u00f3n de Investigaci\u00f3n Cient\u00edfica y Tecnol\u00f3gica de la FCV-UNA o mediante correo electr\u00f3nico a investigacion@vet.una.py<\/em><\/p>\n\n\n\n<hr class=\"wp-block-separator has-alpha-channel-opacity\"\/>\n\n\n\n<h4>Listado de trabajos de la Facultad de Ciencias Veterinarias, que representaron a esta Instituci\u00f3n en las <strong>XVII Jornadas de J\u00f3venes Investigadores de la Universidad Nacional de Asunci\u00f3n.<\/strong><\/h4>\n\n\n\n<figure class=\"wp-block-table\"><table><tbody><tr><td>&nbsp;<\/td><td><strong>Autor<\/strong><\/td><td><strong>T\u00edtulo del Trabajo<\/strong><\/td><\/tr><tr><td>1<\/td><td>Alarc\u00f3n D\u00edaz, Melina Aida Luc\u00eda<\/td><td>FRECUENCIA DE RESIDUOS DE ANTIBI\u00d3TICOS EN LECHE CRUDA COMERCIALIZADA EN TAMBOS DE LA CIUDAD DE CAACUP\u00c9, DEPARTAMENTO DE CORDILLERA EN EL A\u00d1O 2022<\/td><\/tr><tr><td>2<\/td><td>Alonso Nu\u00f1ez, Alicia Bel\u00e9n<\/td><td>DETERMINACI\u00d3N DE COLIFORMES TOTALES EN BEBIDAS L\u00c1CTEAS COMERCIALIZADAS EN SUPERMERCADOS SEG\u00daN LA NORMA PARAGUAYA (NP) 25 052 99 EN LA CIUDAD DE PARAGUARI EN EL A\u00d1O 2021.<\/td><\/tr><tr><td>3<\/td><td>Aquino Verza, Giselle Elenise<\/td><td>EVALUACI\u00d3N DEL BIENESTAR ANIMAL DESDE EL EMBARQUE HASTA LA INSENSIBILIZACI\u00d3N, EN LA MATADER\u00cdA MUNICIPAL DE LA CIUDAD DE SAN JUAN BAUTISTA \u2013 MISIONES, A\u00d1O 2022.<\/td><\/tr><tr><td>4<\/td><td>Arg\u00fcello Su\u00e1rez, Alejandro Ren\u00e9<\/td><td>IDENTIFICACION DE ESPECIES NATIVAS MAS CONSUMIDAS POR ANIMALES DE LA ESPECIE CAPRINA EN UN ESTABLECIMINETO EN EL DEPARTAMENTO DE PRESIDENTE HAYES, ZONA DE FORTIN DELGADO, A\u00d1O 2022<\/td><\/tr><tr><td>5<\/td><td>Bogar\u00edn Acosta,&nbsp; Mar\u00eda Monserrat<\/td><td>HALLAZGO DE BETALACTAMASA DE ESPECTRO EXTENDIDO DE <em>Escherichia coli<\/em> EN GALLINAS PONEDORAS DE PARAGUAY.<\/td><\/tr><tr><td>6<\/td><td>Delgado Gamarra, Dalila Rosa<\/td><td>HALLAZGO DE <em>Gongylonema ingluvicula<\/em> (RASOM,1904) EN NECROPSIA DE AVES CRIADAS TRASPATIO EN LA CIUDAD DE YPACARAI A\u00d1O 2022.<\/td><\/tr><tr><td>7<\/td><td>Duarte Coronel, V\u00edctor Mat\u00edas Egidio<\/td><td>EVALUACI\u00d3N DE LOS PAR\u00c1METROS PRODUCTIVOS EN CERDOS, EN LA ETAPA DE TERMINACI\u00d3N CON LA INCLUSI\u00d3N EN LA RACI\u00d3N DE DIFERENTES NIVELES DE BURLANDA DE MA\u00cdZ, EN EL DISTRITO DE VILLARRICA, DEPARTAMENTO DEL GUAIRA<\/td><\/tr><tr><td>8<\/td><td>Ferreira Ben\u00edtez, Ernesto Narciso<\/td><td>SUSTITUCION PARCIAL DEL MAIZ POR JUGO DE CA\u00d1A DE AZUCAR EN LA ALIMENTACION DE CERDOS EN LA ETAPA DE CRECIMIENTO EN EL DISTRITO DE VILLARRICA. DEPARTAMENTO DEL GUAIRA.<\/td><\/tr><tr><td>9<\/td><td>Hermosilla Amarilla, Victoria Mar\u00eda Jos\u00e9<\/td><td>EVALUACI\u00d3N MORFOM\u00c9TRICA INTESTINAL EN POLLOS PARRILLEROS CON INCLUSI\u00d3N DE PROMOTORES NATURALES DE CRECIMIENTO EN LA DIETA<\/td><\/tr><tr><td>10<\/td><td>Marecos N\u00fa\u00f1ez, C\u00e9sar Enmanuel<\/td><td>EVOLUCI\u00d3N CL\u00cdNICA DE UN PACIENTE CANINO CON DIAGN\u00d3STICO DE PIODERMIA PROFUNDA, SOMETIDO AL TRATAMIENTO CON OZONOTERAPIA QUE ACUDE AL HOSPITAL VETERINARIO \u201cPROF. DR. JOS\u00c9 VICENTE N\u00da\u00d1EZ\u201d DE LA FACULTAD DE CIENCIAS VETERINARIAS DE LA UNIVERSIDAD NACIONAL DE ASUNCI\u00d3N Y A UNA CL\u00cdNICA PRIVADA DE FERNANDO DE LA MORA EN EL A\u00d1O 2022<\/td><\/tr><tr><td>11<\/td><td>Mart\u00edn Fernando Martens Molas<\/td><td>EVALUACI\u00d3N DE LA SENSIBILIDAD ANTIMICROBIANA DE MICROORGANISMOS BACTERIANOS AISLADOS DE MUESTRAS DE LECHE CON MASTITIS SUBCL\u00cdNICA EN GUAJAYVI, 2018<\/td><\/tr><tr><td>12<\/td><td>Mendoza Acosta, Felipe Gabriel<\/td><td>PREVALENCIA DE BRUCELOSIS BOVINA INTER FINCA E INTRA FINCA EN ZONAS AGROECOL\u00d3GICAS DE LA REGI\u00d3N ORIENTAL DEL PARAGUAY EN EL PERIODO 2019-2020<\/td><\/tr><tr><td>13<\/td><td>Portillo Aquino, Camila Bel\u00e9n<\/td><td>PRESENCIA DE <em>Ehrlichia<\/em> spp. EN CANINOS DE LA CIUDAD DE VILLARRICA DE ESPIRITU SANTO, DEPARTAMENTO DEL GUAIRA, A\u00d1O 2022.<\/td><\/tr><tr><td>14<\/td><td>R\u00edos Paiva, Francisco Ram\u00f3n<\/td><td>EVALUACI\u00d3N DE LOS VALORES BROMATOLOGICOS (MS, PB, E, Y PH) EN ENSILADO DE PASTO CAMERUN (<em>Pennisetum purpureum<\/em>), CON LA UTILIZACI\u00d3N DE MELAZA Y SUERO DE LECHE COMO ADITIVOS, EN EL DISTRITO DE CAAZAP\u00c1, DEPARTAMENTO DE CAAZAP\u00c1<\/td><\/tr><tr><td>15<\/td><td>Riveros Gimenez, Luis Angel<\/td><td>DETERMINACI\u00d3N DE LESIONES PODALES EN BOVINOS DE LA RAZA BRANGUS DE UN ESTABLECIMENTO GANADERO Y FORESTAL, DISTRITO DE 3 DE MAYO, DEPARTAMENTO DE CAAZAP\u00c1, A\u00d1O 2022<\/td><\/tr><tr><td>16<\/td><td>Rodr\u00edguez Caba\u00f1as, Roc\u00edo Celeste<\/td><td>PREVALENCIA DE <em>Toxocara canis<\/em> EN CANINOS DE UNA CLINICA VETERINARIA DE LA CIUDAD DE LA COLMENA, DEPARTAMENTO DE PARAGUARI, A\u00d1O 2022.<\/td><\/tr><tr><td>17<\/td><td>Vetter Hiebert, Joerg Richard<\/td><td>VALORES HEMATOLOGICOS Y BIOQUIMICOS EN UN EJEMPLAR DE AGUARA GUASU (<em>Chrysocyon brachyurus<\/em>) RESCATADO Y REHABILITADO<\/td><\/tr><tr><td>18<\/td><td>Vetter Hiebert, Joerg Richard<\/td><td>EPIDEMIOLOGIA DEL ACCIDENTE OFIDICO EN PARAGUAY<\/td><\/tr><tr><td>19<\/td><td>Viera Dominguez, Clara Ines<\/td><td>FRECUENCIA DE <em>Fasciola hep\u00e1tica<\/em> EN BOVINOS FAENADOS EN EL MATADERO MUNICIPAL DE CAAZAP\u00c1, DISTRITO DE CAAZAP\u00c1, DEPARTAMENTO DE CAAZAP\u00c1, A\u00d1O 2022.<\/td><\/tr><tr><td>20<\/td><td>Zavala Paz, Mar\u00eda Cecilia Sair<\/td><td>ESTUDIO COMPARATIVO DE LAS PRUEBAS REACCI\u00d3N EN CADENA DE LA POLIMERASA, INMUNOCROMATOGRAF\u00cdA Y FROTIS SANGU\u00cdNEO PARA EL DIAGN\u00d3STICO DE <em>Ehrlichia canis<\/em> EN CANINOS EN DOS CL\u00cdNICAS PRIVADAS DE LA CIUDAD DE ASUNCI\u00d3N Y EN EL HOSPITAL VETERINARIO \u201cPROF. DR. JOS\u00c9 VICENTE N\u00da\u00d1EZ\u201d<\/td><\/tr><\/tbody><\/table><\/figure>\n\n\n\n<h4>Trabajos de investigaci\u00f3n seleccionados en las <strong>XVII Jornadas de J\u00f3venes Investigadores de la UNA<\/strong> para participar de la <strong>Trig\u00e9sima Edici\u00f3n de las Jornadas de J\u00f3venes Investigadores <\/strong>de la Asociaci\u00f3n de Universidades del Grupo Montevideo. <strong><a href=\"https:\/\/jji2023.una.py\/\" target=\"_blank\" rel=\"noreferrer noopener\">https:\/\/jji2023.una.py\/<\/a><\/strong><\/h4>\n\n\n\n<figure class=\"wp-block-table\"><table><tbody><tr><td>Mart\u00edn Fernando Martens Molas<\/td><td>EVALUACI\u00d3N DE LA SENSIBILIDAD ANTIMICROBIANA DE MICROORGANISMOS BACTERIANOS AISLADOS DE MUESTRAS DE LECHE CON MASTITIS SUBCL\u00cdNICA EN GUAJAYVI, 2018<\/td><\/tr><tr><td>Felipe Gabriel Mendoza Acosta<\/td><td>PREVALENCIA DE BRUCELOSIS BOVINA INTER FINCA E INTRA FINCA EN ZONAS AGROECOL\u00d3GICAS DE LA REGI\u00d3N ORIENTAL DEL PARAGUAY EN EL PERIODO 2019-2020<\/td><\/tr><\/tbody><\/table><\/figure>\n\n\n\n<hr class=\"wp-block-separator has-alpha-channel-opacity\"\/>\n\n\n\n<h1>XVI JJI UNA 2022<\/h1>\n\n\n\n<h3><strong><a href=\"https:\/\/jovenesinvestigadores.una.py\/\">Acceda aqu\u00ed a los detalles de la Convocatoria.<\/a><\/strong><\/h3>\n\n\n\n<p><strong><a href=\"https:\/\/www.vet.una.py\/wp-content\/uploads\/2025\/06\/presentacion-JJI-XVI-2022.pdf\" target=\"_blank\" rel=\"noreferrer noopener\">Presentaci\u00f3n de la convocatoria.<\/a><\/strong><\/p>\n\n\n\n<hr class=\"wp-block-separator has-alpha-channel-opacity\"\/>\n\n\n\n<h5><strong>Listado de trabajos de la Facultad de Ciencias Veterinarias, que representaron a esta Instituci\u00f3n en las&nbsp;XVI Jornadas de J\u00f3venes Investigadores de la Universidad Nacional de Asunci\u00f3n.<\/strong><\/h5>\n\n\n\n<figure class=\"wp-block-table\"><table><tbody><tr><td><\/td><td><strong>Autor<\/strong><strong><\/strong><\/td><td><strong>T\u00edtulo del Trabajo<\/strong><strong><\/strong><\/td><\/tr><tr><td>1 &nbsp; &nbsp;<\/td><td>Mariela Recalde Ben\u00edtez<\/td><td>DETERMINACION DE ACIDOSIS RUMINAL SUBAGUDA EN BOVINOS LECHEROS DE LA CIUDAD DE CAAZAP\u00c1 Y ZONAS ALEDA\u00d1AS, DEPARTAMENTO DE CAAZAP\u00c1, A\u00d1O 2021.<\/td><\/tr><tr><td>2<\/td><td>Diosnel Aguilera Lara<\/td><td>TASA DE PRE\u00d1EZ EN OVEJAS SUFFOLK SOMETIDAS A UN PROGRAMA DE INSEMINACI\u00d3N ARTIFICIAL A TIEMPO FIJO POR LAPAROSCOPIA CON USO DE SEMEN FRESCO.<\/td><\/tr><tr><td>3<\/td><td>Ximena Monserrat Garc\u00eda<\/td><td>BIENESTAR ANIMAL EN EQUINOS DE CARRERA DEL DISTRITO DE CONCEPCI\u00d3N<\/td><\/tr><tr><td>4<\/td><td>Diosnel Nu\u00f1ez Ruiz<\/td><td>IMPACTO DE UNA PLANTA FRIGOR\u00cdFICA SOBRE LA PESCA EN LA CIUDAD DE BEL\u00c9N<\/td><\/tr><tr><td>5<\/td><td>Mar\u00eda del Carmen Acosta Delm\u00e1s<\/td><td>CONTAMINACI\u00d3N BIOL\u00d3GICA CON HECES CANINAS Y PAR\u00c1SITOS GASTROINTESTINALES EN ESPACIOS P\u00daBLICOS EN LA CIUDAD DE SAN JUAN BAUTISTA, DEPARTAMENTO DE MISIONES.<\/td><\/tr><tr><td>6<\/td><td>MAR\u00cdA TERESA ALEGRE MELGAREJO<\/td><td>PREVALENCIA DE PLACENTITIS EN YEGUAS, DIAGNOSTICADAS POR ULTRASONOGRAF\u00cdA, EN LA TEMPORADA DE PARICI\u00d3N 2020-2021, EN EL DISTRITO DE LA COLMENA, DEPARTAMENTO DE PARAGUAR\u00cd<\/td><\/tr><tr><td>7<\/td><td>YANINA BEATRIZ, LUGO SAUCEDO<\/td><td>FRECUENCIA DE PAR\u00c1SITOS GASTROINTESTINALES EN Alouatta caraya (CARAY\u00c1) y Sapajus cay (KA\u2019I PARAGUAY) EN CAUTIVERIO EN EL REFUGIO FAUN\u00cdSTICO ATINGUY, DISTRITO DE AYOLAS, DEPARTAMENTO DE MISIONES, PARAGUAY, A\u00d1O 2021<\/td><\/tr><tr><td>8<\/td><td>YASMINE MALUFF LADAN<\/td><td>PREVALENCIA DE HEPATOZOONOSIS EN CANINOS DE LA CIUDAD DE ENCARNACI\u00d3N, DEPARTAMENTO DE ITAP\u00daA, A\u00d1O 2021<\/td><\/tr><tr><td>9<\/td><td>RODRIGO MARIA ROSSI DEL PUERTO<\/td><td>DETERMINACI\u00d3N DE VALORES HEMATOL\u00d3GICOS EN GALLINAS DE LA RAZA SILKIE EN EL DISTRITO DE SAN IGNACIO, DEPARTAMENTO DE MISIONES, A\u00d1O 2021<\/td><\/tr><tr><td>10<\/td><td>Luj\u00e1n Mary Paz G\u00f3mez S\u00e1enz<\/td><td>FRECUENCIA DE BACTERIAS EN LECHE DE CABRAS CON MASTITIS Y SU SENSIBILIDAD A LOS ANTIMICROBIANOS EN EL A\u00d1O 2021<\/td><\/tr><tr><td>11<\/td><td>Marcelo Marcial Morinigo Servin.<\/td><td>DETERMINACI\u00d3N Y CARACTERIZACI\u00d3N DE EFECTIVIDAD DE ANTIMICROBIANOS DE BACTERIAS AISLADAS EN CANINOS CON OTITIS EN FERNANDO DE LA MORA<\/td><\/tr><tr><td>12<\/td><td>Alcides Ram\u00f3n Martinez Martinez<\/td><td>USO DE VITAMINAS DEL COMPLEJO B Y RECONSTITUYENTES SOBRE LOS PARAMETROS HEMATOLOGICOS SERIE ROJA EN TERNEROS CON ANEMIA, EN UN ESTABLECIMIENTO EN EL DISTRITO DE CHORE, DEPARTAMENTO SAN PEDRO, A\u00d1O 2021<\/td><\/tr><tr><td>13<\/td><td>Graciela Estela Oviedo Caballero<\/td><td>EVALUACI\u00d3N DE LOS PARAMETROS PRODUCTIVOS Y DE LA SERIE ROJA EN OVINOS CON SUPLEMENTACI\u00d3N MINERAL ALIMENTADOS A CAMPO EN LA COLONIA FRIESLAND DEL DEPARTAMENTO DE SAN PEDRO EN EL A\u00d1O 2021<\/td><\/tr><tr><td>14<\/td><td>Denice Grisel Peralta Vera<\/td><td>COMPOSICI\u00d3N QU\u00cdMICA Y DIGESTIBILIDAD IN VITRO DE LA MATERIA SECA Y MATERIA ORG\u00c1NICA DE PASTO ELEFANTE Y PASTO MARALFALFA; EN UN&nbsp; ESTABLECIMIENTO DEL DEPARTAMENTO DE SAN PEDRO, A\u00d1O 2021<\/td><\/tr><tr><td>15<\/td><td>Mar\u00eda Luisa Sanchez Vera<\/td><td>DETERMINACI\u00d3N DE LA COMPOSICI\u00d3N QU\u00cdMICA Y DIGESTIBILIDAD IN VITRO DE SORGO FORRAJERO (SORGHUM VULGARE) Y PASTO CAMERUN (PENNISETUM PURPUREUM) EN MUESTRAS PROVENIENTES DEL DEPARTAMENTO DE SAN PEDRO DISTRITO DE SAN ESTANISLAO 2021<\/td><\/tr><\/tbody><\/table><\/figure>\n\n\n\n<hr class=\"wp-block-separator has-alpha-channel-opacity\"\/>\n\n\n\n<h5><strong>Trabajos de investigaci\u00f3n seleccionados en las&nbsp;XVI Jornadas de J\u00f3venes Investigadores de la UNA&nbsp;para participar de la&nbsp;XXIX Edici\u00f3n de las Jornadas de J\u00f3venes Investigadores&nbsp;de la Asociaci\u00f3n de Universidades del Grupo Montevideo organizadas por la UFSX 7, 8 y 9 de septiembre de 2022, Sucre-Bolivia. <a rel=\"noreferrer noopener\" href=\"https:\/\/jji2022.usfx.bo\/\" target=\"_blank\">https:\/\/jji2022.usfx.bo\/<\/a><\/strong><\/h5>\n\n\n\n<figure class=\"wp-block-table\"><table><tbody><tr><td><strong>Autor<\/strong><\/td><td><strong>T\u00edtulo del Trabajo<\/strong><\/td><\/tr><tr><td>Diosnel Nu\u00f1ez Ruiz<\/td><td>IMPACTO DE UNA PLANTA FRIGOR\u00cdFICA SOBRE LA PESCA EN LA CIUDAD DE BEL\u00c9N<\/td><\/tr><tr><td>Graciela Estela Oviedo Caballero<\/td><td>EVALUACI\u00d3N DE LOS PARAMETROS PRODUCTIVOS Y DE LA SERIE ROJA EN OVINOS CON SUPLEMENTACI\u00d3N MINERAL ALIMENTADOS A CAMPO EN LA COLONIA FRIESLAND DEL DEPARTAMENTO DE SAN PEDRO EN EL A\u00d1O 2021<\/td><\/tr><tr><td>YASMINE MALUFF LADAN<\/td><td>PREVALENCIA DE HEPATOZOONOSIS EN CANINOS DE LA CIUDAD DE ENCARNACI\u00d3N, DEPARTAMENTO DE ITAP\u00daA, A\u00d1O 2021<\/td><\/tr><\/tbody><\/table><\/figure>\n\n\n\n<hr class=\"wp-block-separator has-alpha-channel-opacity\"\/>\n\n\n\n<hr class=\"wp-block-separator has-alpha-channel-opacity\"\/>\n","protected":false},"excerpt":{"rendered":"<p>Las Jornadas de J\u00f3venes Investigadores de la Universidad Nacional de Asunci\u00f3n (JJI-UNA) son realizadas desde [&hellip;]<\/p>\n","protected":false},"author":8,"featured_media":0,"parent":0,"menu_order":0,"comment_status":"closed","ping_status":"closed","template":"","meta":[],"_links":{"self":[{"href":"https:\/\/www.vet.una.py\/index.php?rest_route=\/wp\/v2\/pages\/5035"}],"collection":[{"href":"https:\/\/www.vet.una.py\/index.php?rest_route=\/wp\/v2\/pages"}],"about":[{"href":"https:\/\/www.vet.una.py\/index.php?rest_route=\/wp\/v2\/types\/page"}],"author":[{"embeddable":true,"href":"https:\/\/www.vet.una.py\/index.php?rest_route=\/wp\/v2\/users\/8"}],"replies":[{"embeddable":true,"href":"https:\/\/www.vet.una.py\/index.php?rest_route=%2Fwp%2Fv2%2Fcomments&post=5035"}],"version-history":[{"count":19,"href":"https:\/\/www.vet.una.py\/index.php?rest_route=\/wp\/v2\/pages\/5035\/revisions"}],"predecessor-version":[{"id":10312,"href":"https:\/\/www.vet.una.py\/index.php?rest_route=\/wp\/v2\/pages\/5035\/revisions\/10312"}],"wp:attachment":[{"href":"https:\/\/www.vet.una.py\/index.php?rest_route=%2Fwp%2Fv2%2Fmedia&parent=5035"}],"curies":[{"name":"wp","href":"https:\/\/api.w.org\/{rel}","templated":true}]}}