{"id":446,"date":"2025-02-21T12:30:52","date_gmt":"2025-02-21T15:30:52","guid":{"rendered":"http:\/\/10.1.5.86\/?page_id=446"},"modified":"2025-07-14T09:21:07","modified_gmt":"2025-07-14T12:21:07","slug":"dpto-parasitologia","status":"publish","type":"page","link":"https:\/\/www.vet.una.py\/?page_id=446","title":{"rendered":"Departamento de Parasitolog\u00eda"},"content":{"rendered":"\n<figure class=\"wp-container-2 wp-block-gallery-1 wp-block-gallery aligncenter has-nested-images columns-5 is-cropped\">\n<figure class=\"wp-block-image size-full\"><a href=\"#ancla1\"><img loading=\"lazy\" width=\"776\" height=\"279\" data-id=\"1535\"  src=\"https:\/\/www.vet.una.py\/wp-content\/uploads\/2025\/03\/docencia-2.png\" alt=\"\" class=\"wp-image-1535\"\/><\/a><\/figure>\n\n\n\n<figure class=\"wp-block-image size-full\"><a href=\"#ancla2\"><img loading=\"lazy\" width=\"776\" height=\"279\" data-id=\"1537\"  src=\"https:\/\/www.vet.una.py\/wp-content\/uploads\/2025\/03\/investigacion-1.png\" alt=\"\" class=\"wp-image-1537\"\/><\/a><\/figure>\n\n\n\n<figure class=\"wp-block-image size-full\"><a href=\"#ancla50\"><img loading=\"lazy\" width=\"776\" height=\"279\" data-id=\"1538\"  src=\"https:\/\/www.vet.una.py\/wp-content\/uploads\/2025\/03\/extension-1.png\" alt=\"\" class=\"wp-image-1538\"\/><\/a><\/figure>\n\n\n\n<figure class=\"wp-block-image size-full\"><a href=\"#ancla3\"><img loading=\"lazy\" width=\"776\" height=\"279\" data-id=\"1539\"  src=\"https:\/\/www.vet.una.py\/wp-content\/uploads\/2025\/03\/contacto-1.png\" alt=\"\" class=\"wp-image-1539\"\/><\/a><\/figure>\n<\/figure>\n\n\n\n<p><strong>El Departamento de Parasitolog\u00eda<\/strong> fue habilitado y equipado en 1987, mediante la cooperaci\u00f3n del Gobierno del Jap\u00f3n a trav\u00e9s de su Agencia de Cooperaci\u00f3n Internacional, dise\u00f1ado espec\u00edficamente para el cumplimiento de los tres objetivos establecido por el Estatuto de la Universidad Nacional de Asunci\u00f3n: Docencia, Investigaci\u00f3n y Extensi\u00f3n.<\/p>\n\n\n\n<p>Tiene un \u00e1rea construida de 581 m2. Sirve de soporte a tres C\u00e1tedras: Zoolog\u00eda del primer curso, Parasitolog\u00eda del segundo curso y Enfermedades Parasitarias del tercer curso. Soporte en las clases practicas de postgrado de la Facultad de Ciencias Veterinarias.<\/p>\n\n\n\n<p>Realiza procedimientos para la identificaci\u00f3n parasitol\u00f3gica y diagn\u00f3stico de enfermedades parasitarias, seg\u00fan muestras provenientes de diferentes Departamentos y Divisiones de la Facultad de Ciencias Veterinarias y de pacientes provenientes del sector privado, tales como an\u00e1lisis coproparasitol\u00f3gicos : coprocultivos e identificaci\u00f3n de helmintos y coccidios; diagn\u00f3stico de larvas en pasto : identificaci\u00f3n y cuantificaci\u00f3n de larvas Kg\/peso, detecci\u00f3n e identificaci\u00f3n de huevos en suelo, recuperaci\u00f3n de larvas de nematodes del pulm\u00f3n y nematodes gastrointestinales, identificaci\u00f3n de artr\u00f3podos ( \u00e1caros, garrapatas, piojos, larvas de moscas) , an\u00e1lisis de sangre para diagnostico de hemopar\u00e1sitos y t\u00e9cnica de micro hematocrito. Muestras de Necr\u00f3psias de animales.<\/p>\n\n\n\n<figure class=\"wp-container-4 wp-block-gallery-3 wp-block-gallery has-nested-images columns-4 is-cropped\">\n<figure class=\"wp-block-image size-large\"><img loading=\"lazy\" width=\"812\" height=\"1024\" data-id=\"6513\"  src=\"https:\/\/www.vet.una.py\/wp-content\/uploads\/2025\/07\/5-7-812x1024.png\" alt=\"\" class=\"wp-image-6513\" srcset=\"https:\/\/www.vet.una.py\/wp-content\/uploads\/2025\/07\/5-7-812x1024.png 812w, https:\/\/www.vet.una.py\/wp-content\/uploads\/2025\/07\/5-7-238x300.png 238w, https:\/\/www.vet.una.py\/wp-content\/uploads\/2025\/07\/5-7-768x969.png 768w, https:\/\/www.vet.una.py\/wp-content\/uploads\/2025\/07\/5-7-1217x1536.png 1217w, https:\/\/www.vet.una.py\/wp-content\/uploads\/2025\/07\/5-7.png 1268w\" sizes=\"(max-width: 812px) 100vw, 812px\" \/><\/figure>\n\n\n\n<figure class=\"wp-block-image\"><img loading=\"lazy\" width=\"1268\" height=\"1600\" data-id=\"6518\"  src=\"https:\/\/www.vet.una.py\/wp-content\/uploads\/2025\/07\/10-3.png\" alt=\"\" class=\"wp-image-6518\" srcset=\"https:\/\/www.vet.una.py\/wp-content\/uploads\/2025\/07\/10-3.png 1268w, https:\/\/www.vet.una.py\/wp-content\/uploads\/2025\/07\/10-3-238x300.png 238w, https:\/\/www.vet.una.py\/wp-content\/uploads\/2025\/07\/10-3-812x1024.png 812w, https:\/\/www.vet.una.py\/wp-content\/uploads\/2025\/07\/10-3-768x969.png 768w, https:\/\/www.vet.una.py\/wp-content\/uploads\/2025\/07\/10-3-1217x1536.png 1217w\" sizes=\"(max-width: 1268px) 100vw, 1268px\" \/><\/figure>\n\n\n\n<figure class=\"wp-block-image\"><img loading=\"lazy\" width=\"1268\" height=\"1600\" data-id=\"6520\"  src=\"https:\/\/www.vet.una.py\/wp-content\/uploads\/2025\/07\/2-10.png\" alt=\"\" class=\"wp-image-6520\" srcset=\"https:\/\/www.vet.una.py\/wp-content\/uploads\/2025\/07\/2-10.png 1268w, https:\/\/www.vet.una.py\/wp-content\/uploads\/2025\/07\/2-10-238x300.png 238w, https:\/\/www.vet.una.py\/wp-content\/uploads\/2025\/07\/2-10-812x1024.png 812w, https:\/\/www.vet.una.py\/wp-content\/uploads\/2025\/07\/2-10-768x969.png 768w, https:\/\/www.vet.una.py\/wp-content\/uploads\/2025\/07\/2-10-1217x1536.png 1217w\" sizes=\"(max-width: 1268px) 100vw, 1268px\" \/><\/figure>\n\n\n\n<figure class=\"wp-block-image size-large\"><img loading=\"lazy\" width=\"576\" height=\"1024\" data-id=\"6521\"  src=\"https:\/\/www.vet.una.py\/wp-content\/uploads\/2025\/07\/3-2-576x1024.jpg\" alt=\"\" class=\"wp-image-6521\" srcset=\"https:\/\/www.vet.una.py\/wp-content\/uploads\/2025\/07\/3-2-576x1024.jpg 576w, https:\/\/www.vet.una.py\/wp-content\/uploads\/2025\/07\/3-2-169x300.jpg 169w, https:\/\/www.vet.una.py\/wp-content\/uploads\/2025\/07\/3-2-768x1365.jpg 768w, https:\/\/www.vet.una.py\/wp-content\/uploads\/2025\/07\/3-2-864x1536.jpg 864w, https:\/\/www.vet.una.py\/wp-content\/uploads\/2025\/07\/3-2.jpg 900w\" sizes=\"(max-width: 576px) 100vw, 576px\" \/><\/figure>\n<\/figure>\n\n\n\n<hr class=\"wp-block-separator has-alpha-channel-opacity\"\/>\n\n\n\n<h1 class=\"wp-elements-53ba8d64c6c0fd5ec3287fa11840ec4f has-text-align-left wp-block-heading has-work-sans-font-family has-text-color has-link-color\" id=\"ancla1\" style=\"color:#921f53;font-size:25px\">DOCENCIA<\/h1>\n\n\n\n<h3 class=\"wp-block-heading has-work-sans-font-family\" style=\"font-size:20px;text-transform:none\">Docentes t\u00e9cnicos:<\/h3>\n\n\n\n<ul class=\"wp-block-list\"><li>Dra. Cinthia Miguela Baruja Duarte <strong>JEFA DE DEPARTAMENTO<\/strong><\/li><li>Dra. Mar\u00eda Teresa Santacruz<\/li><li>Dra. Sof\u00eda Yeruti Chirife B\u00e1ez<\/li><li>Prof. Dr. Walter Ariel Rebollo Luque<\/li><\/ul>\n\n\n\n<h2 style=\"font-size:20px\">Docentes de la C\u00e1tedra de Zoolog\u00eda:<\/h2>\n\n\n\n<ul class=\"wp-block-list\"><li>Dra. Maria Teresa Santacruz<\/li><li>Dra. Cristina Riveros<\/li><li>Dr. Ricardo Ca\u00f1iza<\/li><li>Dr. Joerg Richard Vetter Hiebert <strong>ENCARGADO DE CATEDRA<\/strong><\/li><\/ul>\n\n\n\n<h3 class=\"wp-block-heading has-work-sans-font-family\" style=\"font-size:20px;text-transform:none\">Docentes de la C\u00e1tedra de Parasitolog\u00eda<\/h3>\n\n\n\n<ul class=\"wp-block-list\"><li>Prof. Dr. Walter Ariel Rebollo Luque <strong>ENCARGADO DE CATEDRA<\/strong><\/li><li>Dra. Liz Patricia Arevalos Jara<\/li><li>Dra. Maria Teresa Santacruz<\/li><li>Dra. Cinthia Miguela Maria Baruja Duarte<\/li><li>Dra. Sof\u00eda Yeruti Chirife B\u00e1ez<\/li><\/ul>\n\n\n\n<h3 class=\"wp-block-heading has-work-sans-font-family\" style=\"font-size:20px;text-transform:none\">Docentes de la C\u00e1tedra de Enfermedades Parasitarias<\/h3>\n\n\n\n<ul class=\"wp-block-list\"><li>Prof. Dr. Walter Ariel Rebollo Luque&nbsp;<strong>ENCARGADO DE CATEDRA<\/strong><\/li><li>Dra. Liz Patricia Ar\u00e9valos Jara<\/li><li>Dra. Cinthia Miguela Maria Baruja Duarte<\/li><li>Dra. Sof\u00eda Yeruti Chirife B\u00e1ez<\/li><\/ul>\n\n\n\n<h3 class=\"wp-block-heading has-work-sans-font-family\" style=\"font-size:20px\">Funcionarios<\/h3>\n\n\n\n<ul class=\"wp-block-list\"><li>Sr. Gabriel Germ\u00e1n Ortega<\/li><li>Sr. Nelson Ozuna<\/li><li>Sra. Evangelista Pe\u00f1a<\/li><\/ul>\n\n\n\n<figure class=\"wp-container-6 wp-block-gallery-5 wp-block-gallery has-nested-images columns-4 is-cropped\">\n<figure class=\"wp-block-image size-large\"><img loading=\"lazy\" width=\"1268\" height=\"1600\" data-id=\"6517\"  src=\"https:\/\/www.vet.una.py\/wp-content\/uploads\/2025\/07\/9-2.png\" alt=\"\" class=\"wp-image-6517\" srcset=\"https:\/\/www.vet.una.py\/wp-content\/uploads\/2025\/07\/9-2.png 1268w, https:\/\/www.vet.una.py\/wp-content\/uploads\/2025\/07\/9-2-238x300.png 238w, https:\/\/www.vet.una.py\/wp-content\/uploads\/2025\/07\/9-2-812x1024.png 812w, https:\/\/www.vet.una.py\/wp-content\/uploads\/2025\/07\/9-2-768x969.png 768w, https:\/\/www.vet.una.py\/wp-content\/uploads\/2025\/07\/9-2-1217x1536.png 1217w\" sizes=\"(max-width: 1268px) 100vw, 1268px\" \/><\/figure>\n\n\n\n<figure class=\"wp-block-image size-large\"><img loading=\"lazy\" width=\"1268\" height=\"1600\" data-id=\"6516\"  src=\"https:\/\/www.vet.una.py\/wp-content\/uploads\/2025\/07\/8-5.png\" alt=\"\" class=\"wp-image-6516\" srcset=\"https:\/\/www.vet.una.py\/wp-content\/uploads\/2025\/07\/8-5.png 1268w, https:\/\/www.vet.una.py\/wp-content\/uploads\/2025\/07\/8-5-238x300.png 238w, https:\/\/www.vet.una.py\/wp-content\/uploads\/2025\/07\/8-5-812x1024.png 812w, https:\/\/www.vet.una.py\/wp-content\/uploads\/2025\/07\/8-5-768x969.png 768w, https:\/\/www.vet.una.py\/wp-content\/uploads\/2025\/07\/8-5-1217x1536.png 1217w\" sizes=\"(max-width: 1268px) 100vw, 1268px\" \/><\/figure>\n\n\n\n<figure class=\"wp-block-image size-large\"><img loading=\"lazy\" width=\"1268\" height=\"1600\" data-id=\"6515\"  src=\"https:\/\/www.vet.una.py\/wp-content\/uploads\/2025\/07\/7-3.png\" alt=\"\" class=\"wp-image-6515\" srcset=\"https:\/\/www.vet.una.py\/wp-content\/uploads\/2025\/07\/7-3.png 1268w, https:\/\/www.vet.una.py\/wp-content\/uploads\/2025\/07\/7-3-238x300.png 238w, https:\/\/www.vet.una.py\/wp-content\/uploads\/2025\/07\/7-3-812x1024.png 812w, https:\/\/www.vet.una.py\/wp-content\/uploads\/2025\/07\/7-3-768x969.png 768w, https:\/\/www.vet.una.py\/wp-content\/uploads\/2025\/07\/7-3-1217x1536.png 1217w\" sizes=\"(max-width: 1268px) 100vw, 1268px\" \/><\/figure>\n\n\n\n<figure class=\"wp-block-image size-large\"><img loading=\"lazy\" width=\"1268\" height=\"1600\" data-id=\"6514\"  src=\"https:\/\/www.vet.una.py\/wp-content\/uploads\/2025\/07\/6-4.png\" alt=\"\" class=\"wp-image-6514\" srcset=\"https:\/\/www.vet.una.py\/wp-content\/uploads\/2025\/07\/6-4.png 1268w, https:\/\/www.vet.una.py\/wp-content\/uploads\/2025\/07\/6-4-238x300.png 238w, https:\/\/www.vet.una.py\/wp-content\/uploads\/2025\/07\/6-4-812x1024.png 812w, https:\/\/www.vet.una.py\/wp-content\/uploads\/2025\/07\/6-4-768x969.png 768w, https:\/\/www.vet.una.py\/wp-content\/uploads\/2025\/07\/6-4-1217x1536.png 1217w\" sizes=\"(max-width: 1268px) 100vw, 1268px\" \/><\/figure>\n<\/figure>\n\n\n\n<hr class=\"wp-block-separator has-alpha-channel-opacity\"\/>\n\n\n\n<h1 class=\"wp-elements-373211d1bfeed0ad986a9ad66b96735b has-text-align-left wp-block-heading has-work-sans-font-family has-text-color has-link-color\" id=\"ancla2\" style=\"color:#921f53;font-size:25px\">INVESTIGACI\u00d3N<\/h1>\n\n\n\n<p><strong>Algunos trabajos de investigaci\u00f3n culminados en los \u00faltimos a\u00f1os:<\/strong><\/p>\n\n\n\n<h4 class=\"wp-block-heading has-work-sans-font-family\" style=\"font-size:20px\">\u2013&nbsp;T\u00edtulo:&nbsp;Determinaci\u00f3n de Eimeria spp en conejos de dos granjas privadas del Departamento Central en el a\u00f1o 2018.<\/h4>\n\n\n\n<p style=\"margin-top:var:preset|spacing|20;margin-bottom:var:preset|spacing|20\"><p style=\"margin-top:var(--wp--preset--spacing--20);margin-bottom:var(--wp--preset--spacing--20)\"><strong>Autor Personal:&nbsp;<\/strong>Acosta Alvarenga, Josefina Mar\u00eda Teresa<\/p><\/p>\n\n\n\n<p style=\"margin-top:var:preset|spacing|20;margin-bottom:var:preset|spacing|20\"><p style=\"margin-top:var(--wp--preset--spacing--20);margin-bottom:var(--wp--preset--spacing--20)\"><strong>Menci\u00f3n de Responsabilidad:&nbsp;<\/strong>Tutor Carlos Ram\u00f3n Chirife Cardozo, Co-tutores: Edith Liliana Maldonado Anher, Oscar G\u00f3mez Barrios<\/p><\/p>\n\n\n\n<h4 class=\"wp-block-heading has-work-sans-font-family\" style=\"font-size:20px\">\u2013&nbsp;T\u00edtulo:&nbsp;Prevalencia de Babesia ovis en dos establecimientos de ganado ovino en el Departamento de Paraguar\u00ed en el a\u00f1o 2018.<\/h4>\n\n\n\n<p style=\"margin-top:var:preset|spacing|20;margin-bottom:var:preset|spacing|20\"><p style=\"margin-top:var(--wp--preset--spacing--20);margin-bottom:var(--wp--preset--spacing--20)\"><strong>Autor Personal:<\/strong>&nbsp;Rojas Le\u00f3n, Aldo Daniel.<\/p><\/p>\n\n\n\n<p style=\"margin-top:var:preset|spacing|20;margin-bottom:var:preset|spacing|20\"><p style=\"margin-top:var(--wp--preset--spacing--20);margin-bottom:var(--wp--preset--spacing--20)\"><strong>Menci\u00f3n de Responsabilidad:&nbsp;<\/strong>Tutor Carlos Chirife, Cotutor: Nelson Serafini.<\/p><\/p>\n\n\n\n<h4 class=\"wp-block-heading has-work-sans-font-family\" style=\"font-size:20px\">\u2013 T\u00edtulo: Prevalencia de Babesia spp en ganado bovino de carne de dos establecimientos del Distrito de Isla Puc\u00fa, Departamento de Cordillera, a\u00f1o 2018.<\/h4>\n\n\n\n<p style=\"margin-top:var:preset|spacing|20;margin-bottom:var:preset|spacing|20\"><p style=\"margin-top:var(--wp--preset--spacing--20);margin-bottom:var(--wp--preset--spacing--20)\"><strong>Autor Personal<\/strong>: Galeano Ayala, Carlos Miguel<\/p><\/p>\n\n\n\n<p style=\"margin-top:var:preset|spacing|20;margin-bottom:var:preset|spacing|20\"><p style=\"margin-top:var(--wp--preset--spacing--20);margin-bottom:var(--wp--preset--spacing--20)\"><strong>Menci\u00f3n de Responsabilidad:<\/strong>&nbsp;Tutor Carlos Ram\u00f3n Chirife, Co-tutor: Walter Ariel Rebollo<\/p><\/p>\n\n\n\n<h4 class=\"wp-block-heading has-work-sans-font-family\" style=\"font-size:20px\">\u2013 T\u00edtulo: Prevalencia de par\u00e1sitos gastrointestinales en ganado bovino de la localidad de Estanzuela del Distrito de Villa Oliva, Departamento de \u00d1eembuc\u00fa, a\u00f1o 2018.<\/h4>\n\n\n\n<p style=\"margin-top:var:preset|spacing|20;margin-bottom:var:preset|spacing|20\"><p style=\"margin-top:var(--wp--preset--spacing--20);margin-bottom:var(--wp--preset--spacing--20)\"><strong>Autor Personal:&nbsp;<\/strong>Colman Rebollo, Mar\u00eda Elba<\/p><\/p>\n\n\n\n<p style=\"margin-top:var:preset|spacing|20;margin-bottom:var:preset|spacing|20\"><p style=\"margin-top:var(--wp--preset--spacing--20);margin-bottom:var(--wp--preset--spacing--20)\"><strong>Menci\u00f3n de Responsabilidad:&nbsp;<\/strong>Tutor Carlos Ram\u00f3n Chirife, Co-tutor: Walter Ariel Rebollo<\/p><\/p>\n\n\n\n<h4 class=\"wp-block-heading has-work-sans-font-family\" style=\"font-size:20px\">\u2013 T\u00edtulo: Prevalencia de huevos de Toxocara spp en plazas p\u00fablicas y parques de la Ciudad de San Estanislao, Departamento de San Pedro en el a\u00f1o 2018.<\/h4>\n\n\n\n<p style=\"margin-top:var:preset|spacing|20;margin-bottom:var:preset|spacing|20\"><p style=\"margin-top:var(--wp--preset--spacing--20);margin-bottom:var(--wp--preset--spacing--20)\"><strong>Autor Personal:<\/strong>&nbsp;Arriola Vega, Luis Alberto<\/p><\/p>\n\n\n\n<p style=\"margin-top:var:preset|spacing|20;margin-bottom:var:preset|spacing|20\"><p style=\"margin-top:var(--wp--preset--spacing--20);margin-bottom:var(--wp--preset--spacing--20)\"><strong>Menci\u00f3n de Responsabilidad:<\/strong>&nbsp;Tutor Armando Rojas, Co-tutores Walter Ariel Rebollo, Hugo Garc\u00eda Ben\u00edtez<\/p><\/p>\n\n\n\n<h4 class=\"wp-block-heading has-work-sans-font-family\" style=\"font-size:20px\">\u2013 T\u00edtulo: Prevalencia de par\u00e1sitos gastrointestinales en ganado bovino de la localidad de Estanzuela del distrito de Villa Oliva, Departamento de \u00d1eembuc\u00fa, a\u00f1o 2018.<\/h4>\n\n\n\n<p style=\"margin-top:var:preset|spacing|20;margin-bottom:var:preset|spacing|20\"><p style=\"margin-top:var(--wp--preset--spacing--20);margin-bottom:var(--wp--preset--spacing--20)\"><strong>Autor Personal:<\/strong>&nbsp;Colman Rebollo, Mar\u00eda Elba<\/p><\/p>\n\n\n\n<p style=\"margin-top:var:preset|spacing|20;margin-bottom:var:preset|spacing|20\"><p style=\"margin-top:var(--wp--preset--spacing--20);margin-bottom:var(--wp--preset--spacing--20)\"><strong>Menci\u00f3n de Responsabilidad:&nbsp;<\/strong>Tutor Carlos Ram\u00f3n Chirife, Co-tutor Walter Ariel Rebollo Luque<\/p><\/p>\n\n\n\n<h4 class=\"wp-block-heading has-work-sans-font-family\" style=\"font-size:20px\">\u2013 T\u00edtulo: Evaluaci\u00f3n del efecto de la suplementaci\u00f3n con vitaminas A, D, E sobre la carga parasitaria en ovinos tratados con levamisol, en un establecimiento del Distrito de Limpio, Departamento Central en el a\u00f1o 2018.<\/h4>\n\n\n\n<p style=\"margin-top:var:preset|spacing|20;margin-bottom:var:preset|spacing|20\"><p style=\"margin-top:var(--wp--preset--spacing--20);margin-bottom:var(--wp--preset--spacing--20)\"><strong>Menci\u00f3n de Responsabilidad:&nbsp;<\/strong>Tutor Hugo Acosta, Co-tutores Oscar Valiente, Cinthia Baruja Duarte<\/p><\/p>\n\n\n\n<h4 class=\"wp-block-heading has-work-sans-font-family\" style=\"font-size:20px\">\u2013 T\u00edtulo: Determinaci\u00f3n de par\u00e1sitos gastrointestinales en monos capuchinos (Cebus apella) silvestres en cautiverio del Jard\u00edn Bot\u00e1nico del Zool\u00f3gico de Asunci\u00f3n.<\/h4>\n\n\n\n<p style=\"margin-top:var:preset|spacing|20;margin-bottom:var:preset|spacing|20\"><p style=\"margin-top:var(--wp--preset--spacing--20);margin-bottom:var(--wp--preset--spacing--20)\"><strong>Autor Personal:<\/strong>&nbsp;Borja Chamorro, Eunice Dinorah<\/p><\/p>\n\n\n\n<p style=\"margin-top:var:preset|spacing|20;margin-bottom:var:preset|spacing|20\"><p style=\"margin-top:var(--wp--preset--spacing--20);margin-bottom:var(--wp--preset--spacing--20)\"><strong>Menci\u00f3n de Responsabilidad:<\/strong>&nbsp;Tutor Adela Quintana Ru\u00edz D\u00edaz, Co-tutores Cinthia Baruja Duarte, Liz Ar\u00e9valos<\/p><\/p>\n\n\n\n<h4 class=\"wp-block-heading has-work-sans-font-family\" style=\"font-size:20px\">\u2013 T\u00edtulo: Frecuencia de larvas de Cochliomyia spp. en heridas de Canis lupus familiaris en el barrio Laurelty de la Ciudad de Luque a\u00f1o 2019.<\/h4>\n\n\n\n<p style=\"margin-top:var:preset|spacing|20;margin-bottom:var:preset|spacing|20\"><p style=\"margin-top:var(--wp--preset--spacing--20);margin-bottom:var(--wp--preset--spacing--20)\"><strong>Autor Personal:<\/strong>&nbsp;Chirife B\u00e1ez, Sof\u00eda Yeruti<\/p><\/p>\n\n\n\n<p style=\"margin-top:var:preset|spacing|20;margin-bottom:var:preset|spacing|20\"><p style=\"margin-top:var(--wp--preset--spacing--20);margin-bottom:var(--wp--preset--spacing--20)\"><strong>Menci\u00f3n de Responsabilidad:<\/strong>&nbsp;Tutor Carlos Ram\u00f3n Chirife Cardozo, Co-tutora Liz Patricia Ar\u00e9valos<\/p><\/p>\n\n\n\n<h4 class=\"wp-block-heading has-work-sans-font-family\" style=\"font-size:20px\">\u2013 T\u00edtulo: Identificaci\u00f3n del \u00e1caro Varroa destructor en larvas y abejas adultas de la especie Apis mellifera en colmenas de un establecimiento del Departamento Central en el a\u00f1o 2019.<\/h4>\n\n\n\n<p style=\"margin-top:var:preset|spacing|20;margin-bottom:var:preset|spacing|20\"><p style=\"margin-top:var(--wp--preset--spacing--20);margin-bottom:var(--wp--preset--spacing--20)\"><strong>Autor Personal:<\/strong>&nbsp;Salas Eichenbrenner, Fabiana Ivonne<\/p><\/p>\n\n\n\n<p style=\"margin-top:var:preset|spacing|20;margin-bottom:var:preset|spacing|20\"><p style=\"margin-top:var(--wp--preset--spacing--20);margin-bottom:var(--wp--preset--spacing--20)\"><strong>Menci\u00f3n de Responsabilidad:&nbsp;<\/strong>Tutor Walter Ariel Rebollo Luque, Cotutor: Carlos Augusto G\u00f3mez Aveiro<\/p><\/p>\n\n\n\n<h4 class=\"wp-block-heading\" style=\"font-size:20px\">\u2013 T\u00edtulo: Identificaci\u00f3n de ooquistes de Giardia spp en caninos en el Barrio Sajonia de la Ciudad de Asunci\u00f3n en el a\u00f1o 2019.<\/h4>\n\n\n\n<p style=\"margin-top:var:preset|spacing|20;margin-bottom:var:preset|spacing|20\"><p style=\"margin-top:var(--wp--preset--spacing--20);margin-bottom:var(--wp--preset--spacing--20)\"><strong>Autor Personal:&nbsp;<\/strong>Scribano, Mar\u00eda Bel\u00e9n<\/p><\/p>\n\n\n\n<p style=\"margin-top:var:preset|spacing|20;margin-bottom:var:preset|spacing|20\"><p style=\"margin-top:var(--wp--preset--spacing--20);margin-bottom:var(--wp--preset--spacing--20)\"><strong>Menci\u00f3n de Responsabilidad:<\/strong>&nbsp;Tutor Walter Ariel Rebollo, Co-tutora Mar\u00eda Teresa Santacruz<\/p><\/p>\n\n\n\n<h4 class=\"wp-block-heading has-work-sans-font-family\" style=\"font-size:20px\">\u2013 T\u00edtulo: Identificaci\u00f3n de Strongylus spp en equinos de deporte en el Club H\u00edpico Paraguayo en el a\u00f1o 2019.<\/h4>\n\n\n\n<p style=\"margin-top:var:preset|spacing|20;margin-bottom:var:preset|spacing|20\"><p style=\"margin-top:var(--wp--preset--spacing--20);margin-bottom:var(--wp--preset--spacing--20)\"><strong>Autor Personal:&nbsp;<\/strong>Portelli Maciel, Karen Beatriz<\/p><\/p>\n\n\n\n<p style=\"margin-top:var:preset|spacing|20;margin-bottom:var:preset|spacing|20\"><p style=\"margin-top:var(--wp--preset--spacing--20);margin-bottom:var(--wp--preset--spacing--20)\"><strong>Menci\u00f3n de Responsabilidad:&nbsp;<\/strong>Tutora: Katia Miranda Gamarra Co-tutores: Walter Rebollo, Teresita de Gamarra, Celeste Lima<\/p><\/p>\n\n\n\n<h4 class=\"wp-block-heading has-work-sans-font-family\" style=\"font-size:20px\">\u2013 T\u00edtulo: Determinaci\u00f3n de par\u00e1sitos gastrointestinales en cobayos (Cavia porcellus) criados como animales de compa\u00f1\u00eda no convencionales en un criadero de la ciudad de Villa Elisa Departamento Central 2019.<\/h4>\n\n\n\n<p style=\"margin-top:var:preset|spacing|20;margin-bottom:var:preset|spacing|20\"><p style=\"margin-top:var(--wp--preset--spacing--20);margin-bottom:var(--wp--preset--spacing--20)\"><strong>Menci\u00f3n de Responsabilidad:<\/strong>&nbsp;Co-tutora Mar\u00eda Teresa Santacruz<\/p><\/p>\n\n\n\n<h4 class=\"wp-block-heading has-work-sans-font-family\" style=\"font-size:20px\">\u2013 T\u00edtulo: Evaluaci\u00f3n de la carga parasitaria en cabras, utilizando la tierra de diatomea de agua dulce y su efecto sobre la ganancia de peso en un establecimiento del distrito de san Estanislao, departamento de San Pedro en el a\u00f1o 2019.<\/h4>\n\n\n\n<p style=\"margin-top:var:preset|spacing|20;margin-bottom:var:preset|spacing|20\"><p style=\"margin-top:var(--wp--preset--spacing--20);margin-bottom:var(--wp--preset--spacing--20)\"><strong>Autor Personal:<\/strong>&nbsp;Cristaldo Mora, Nelson Ariel<\/p><\/p>\n\n\n\n<p style=\"margin-top:var:preset|spacing|20;margin-bottom:var:preset|spacing|20\"><p style=\"margin-top:var(--wp--preset--spacing--20);margin-bottom:var(--wp--preset--spacing--20)\"><strong>Menci\u00f3n de Responsabilidad:<\/strong>&nbsp;Tutor Walter Ariel Rebollo Luque, Cotutores Armando Rojas, Claudio Ivan Rizzi Solis, Vanessa In\u00e9s Barboza Vitar<\/p><\/p>\n\n\n\n<h4 class=\"wp-block-heading has-work-sans-font-family\" style=\"font-size:20px\">\u2013 T\u00edtulo: Decomiso de h\u00edgados de bovinos por lesiones compatibles con Fasciola hep\u00e1tica en dos frigor\u00edficos del departamento central en el a\u00f1o 2019.<\/h4>\n\n\n\n<p style=\"margin-top:var:preset|spacing|20;margin-bottom:var:preset|spacing|20\"><p style=\"margin-top:var(--wp--preset--spacing--20);margin-bottom:var(--wp--preset--spacing--20)\"><strong>Autor Personal:<\/strong>&nbsp;Villalba Alfonzo, Mar\u00eda Rosana<\/p><\/p>\n\n\n\n<p style=\"margin-top:var:preset|spacing|20;margin-bottom:var:preset|spacing|20\"><p style=\"margin-top:var(--wp--preset--spacing--20);margin-bottom:var(--wp--preset--spacing--20)\"><strong>Menci\u00f3n de Responsabilidad:&nbsp;<\/strong>Tutor Carlos Ram\u00f3n Chirife Cardozo, Cotutores Gregorio Presentado Francisco Ram\u00edrez, Colaboradores Carolina Bejarano, Rebeca Viveros<\/p><\/p>\n\n\n\n<figure class=\"wp-container-8 wp-block-gallery-7 wp-block-gallery has-nested-images columns-default is-cropped\">\n<figure class=\"wp-block-image size-large\"><img loading=\"lazy\" width=\"1032\" height=\"581\" data-id=\"1124\"  src=\"https:\/\/www.vet.una.py\/wp-content\/uploads\/2025\/03\/WhatsApp-Image-2025-03-07-at-13.56.21.jpeg\" alt=\"\" class=\"wp-image-1124\"\/><\/figure>\n\n\n\n<figure class=\"wp-block-image size-large\"><img loading=\"lazy\" width=\"1305\" height=\"978\" data-id=\"1126\"  src=\"https:\/\/www.vet.una.py\/wp-content\/uploads\/2025\/03\/WhatsApp-Image-2025-03-07-at-13.56.22.jpeg\" alt=\"\" class=\"wp-image-1126\"\/><\/figure>\n\n\n\n<figure class=\"wp-block-image size-large\"><img loading=\"lazy\" width=\"1600\" height=\"1128\" data-id=\"1125\"  src=\"https:\/\/www.vet.una.py\/wp-content\/uploads\/2025\/03\/WhatsApp-Image-2025-03-07-at-13.56.33.jpeg\" alt=\"\" class=\"wp-image-1125\"\/><\/figure>\n<\/figure>\n\n\n\n<hr class=\"wp-block-separator has-alpha-channel-opacity\"\/>\n\n\n\n<h1 class=\"wp-elements-fe237f57ded961b704904db1d0d57a9a wp-block-heading has-work-sans-font-family has-text-color has-link-color\" id=\"ancla50\" style=\"color:#921f53;font-size:25px\">EXTENSI\u00d3N<\/h1>\n\n\n\n<h2 style=\"font-size:20px\">Logros &#8220;\u00c1rea de docencia , investigaci\u00f3n y extensi\u00f3n&#8221;<\/h2>\n\n\n\n<p><strong>Docencia<\/strong><\/p>\n\n\n\n<p>Se reanud\u00f3 y se acompa\u00f1\u00f3 el desarrollo de las clases te\u00f3ricas y pr\u00e1cticas de las c\u00e1tedras dependientes del Departamento: Zoolog\u00eda, Parasitolog\u00eda y Enfermedades Parasitarias. Se brindaron tutor\u00edas y co-tutor\u00edas de trabajos de investigaci\u00f3n de grado y postgrado.<\/p>\n\n\n\n<p><strong>Investigaci\u00f3n y Extensi\u00f3n<\/strong><\/p>\n\n\n\n<p>Se colabor\u00f3 y se elaboraron trabajos de investigaci\u00f3n interdepartamental, as\u00ed como tambi\u00e9n en la ejecuci\u00f3n de cursos te\u00f3ricos-pr\u00e1cticos. Se prestaron servicios y asesoramiento a estudiantes, productores y profesionales.<\/p>\n\n\n\n<ol style=\"font-style:normal;font-weight:200\"><li><strong>Charla sobre zoonosis<br><\/strong>Charla sobre zoonosis en centros educativos realizado por Docentes T\u00e9cnicos del Departamento de Parasitolog\u00eda.<\/li><li><strong>Jornada de Parasitolog\u00eda<br><\/strong>Realizaci\u00f3n de la I Jornada de Parasitolog\u00eda y Enfermedades Parasitarias con presentaci\u00f3n de trabajos de investigaci\u00f3n realizado por los estudiantes y charlas con disertantes especializados.<\/li><li><strong>Capacitaci\u00f3n a funcionarios de SENACSA<br><\/strong>Jornada de capacitaci\u00f3n a funcionarios de SENACSA para detecci\u00f3n de <em>Trichinella spiralis<\/em> en m\u00fasculo por el m\u00e9todo de digesti\u00f3n artificial.<\/li><li><strong>Presentaci\u00f3n en las XVIII Jornadas de J\u00f3venes Investigadores y publicacion en revistas cientificas<\/strong><br>A cargo de : Dra. Sofia Chirife<\/li><\/ol>\n\n\n\n<figure class=\"wp-block-image aligncenter size-large is-resized\"><img loading=\"lazy\" src=\"https:\/\/www.vet.una.py\/wp-content\/uploads\/2025\/06\/image-2-1024x780.png\" alt=\"\" class=\"wp-image-5110\" width=\"512\" height=\"390\" srcset=\"https:\/\/www.vet.una.py\/wp-content\/uploads\/2025\/06\/image-2-1024x780.png 1024w, https:\/\/www.vet.una.py\/wp-content\/uploads\/2025\/06\/image-2-300x229.png 300w, https:\/\/www.vet.una.py\/wp-content\/uploads\/2025\/06\/image-2-768x585.png 768w, https:\/\/www.vet.una.py\/wp-content\/uploads\/2025\/06\/image-2.png 1042w\" sizes=\"(max-width: 512px) 100vw, 512px\" \/><\/figure>\n\n\n\n<p><strong> 5. Charlas y clases pr\u00e1cticas brindado a estudiantes de grado y postgrado.<\/strong><\/p>\n\n\n\n<figure class=\"wp-container-10 wp-block-gallery-9 wp-block-gallery has-nested-images columns-default is-cropped\">\n<figure class=\"wp-block-image size-medium\"><img loading=\"lazy\" width=\"300\" height=\"129\" data-id=\"5112\"  src=\"https:\/\/www.vet.una.py\/wp-content\/uploads\/2025\/06\/image-4-300x129.png\" alt=\"\" class=\"wp-image-5112\" srcset=\"https:\/\/www.vet.una.py\/wp-content\/uploads\/2025\/06\/image-4-300x129.png 300w, https:\/\/www.vet.una.py\/wp-content\/uploads\/2025\/06\/image-4-1024x441.png 1024w, https:\/\/www.vet.una.py\/wp-content\/uploads\/2025\/06\/image-4-768x331.png 768w, https:\/\/www.vet.una.py\/wp-content\/uploads\/2025\/06\/image-4.png 1049w\" sizes=\"(max-width: 300px) 100vw, 300px\" \/><\/figure>\n\n\n\n<figure class=\"wp-block-image size-medium\"><img loading=\"lazy\" width=\"300\" height=\"223\" data-id=\"5111\"  src=\"https:\/\/www.vet.una.py\/wp-content\/uploads\/2025\/06\/image-3-300x223.png\" alt=\"\" class=\"wp-image-5111\" srcset=\"https:\/\/www.vet.una.py\/wp-content\/uploads\/2025\/06\/image-3-300x223.png 300w, https:\/\/www.vet.una.py\/wp-content\/uploads\/2025\/06\/image-3-768x572.png 768w, https:\/\/www.vet.una.py\/wp-content\/uploads\/2025\/06\/image-3.png 890w\" sizes=\"(max-width: 300px) 100vw, 300px\" \/><\/figure>\n\n\n\n<figure class=\"wp-block-image size-medium\"><img loading=\"lazy\" width=\"300\" height=\"157\" data-id=\"5113\"  src=\"https:\/\/www.vet.una.py\/wp-content\/uploads\/2025\/06\/image-5-300x157.png\" alt=\"\" class=\"wp-image-5113\" srcset=\"https:\/\/www.vet.una.py\/wp-content\/uploads\/2025\/06\/image-5-300x157.png 300w, https:\/\/www.vet.una.py\/wp-content\/uploads\/2025\/06\/image-5-768x402.png 768w, https:\/\/www.vet.una.py\/wp-content\/uploads\/2025\/06\/image-5.png 956w\" sizes=\"(max-width: 300px) 100vw, 300px\" \/><\/figure>\n<\/figure>\n\n\n\n<h1 class=\"wp-elements-3d2642e9fb0cd426a57c7f54256f20b6 wp-block-heading has-work-sans-font-family has-text-color has-link-color\" id=\"ancla3\" style=\"color:#921f53;font-size:25px\">CONTACTO<\/h1>\n\n\n\n<h2 class=\"wp-elements-3baef5fa44b6f39149533b476ce5d80d wp-block-heading has-work-sans-font-family has-foreground-color has-text-color has-link-color\" style=\"font-size:15px\">Jefe de Departamento: Dra. Cinthia Baruja Duarte<\/h2>\n\n\n\n<p style=\"font-size:15px;margin-top:0;margin-bottom:0\"><strong>Correo electr\u00f3nico:&nbsp;<\/strong>sl_parasitologia@vet.una.py<\/p>\n\n\n\n<div style=\"height:44px\" aria-hidden=\"true\" class=\"wp-block-spacer\"><\/div>\n","protected":false},"excerpt":{"rendered":"<p>El Departamento de Parasitolog\u00eda fue habilitado y equipado en 1987, mediante la cooperaci\u00f3n del Gobierno [&hellip;]<\/p>\n","protected":false},"author":4,"featured_media":1399,"parent":0,"menu_order":0,"comment_status":"closed","ping_status":"closed","template":"","meta":[],"_links":{"self":[{"href":"https:\/\/www.vet.una.py\/index.php?rest_route=\/wp\/v2\/pages\/446"}],"collection":[{"href":"https:\/\/www.vet.una.py\/index.php?rest_route=\/wp\/v2\/pages"}],"about":[{"href":"https:\/\/www.vet.una.py\/index.php?rest_route=\/wp\/v2\/types\/page"}],"author":[{"embeddable":true,"href":"https:\/\/www.vet.una.py\/index.php?rest_route=\/wp\/v2\/users\/4"}],"replies":[{"embeddable":true,"href":"https:\/\/www.vet.una.py\/index.php?rest_route=%2Fwp%2Fv2%2Fcomments&post=446"}],"version-history":[{"count":50,"href":"https:\/\/www.vet.una.py\/index.php?rest_route=\/wp\/v2\/pages\/446\/revisions"}],"predecessor-version":[{"id":6524,"href":"https:\/\/www.vet.una.py\/index.php?rest_route=\/wp\/v2\/pages\/446\/revisions\/6524"}],"wp:featuredmedia":[{"embeddable":true,"href":"https:\/\/www.vet.una.py\/index.php?rest_route=\/wp\/v2\/media\/1399"}],"wp:attachment":[{"href":"https:\/\/www.vet.una.py\/index.php?rest_route=%2Fwp%2Fv2%2Fmedia&parent=446"}],"curies":[{"name":"wp","href":"https:\/\/api.w.org\/{rel}","templated":true}]}}