{"id":1636,"date":"2025-03-26T10:34:44","date_gmt":"2025-03-26T13:34:44","guid":{"rendered":"http:\/\/10.1.5.86\/?page_id=1636"},"modified":"2026-04-29T09:42:51","modified_gmt":"2026-04-29T12:42:51","slug":"sin-titulo","status":"publish","type":"page","link":"https:\/\/www.vet.una.py\/?page_id=1636","title":{"rendered":"Concursos Internos y Externos"},"content":{"rendered":"\n<div style=\"height:1px\" aria-hidden=\"true\" class=\"wp-block-spacer\"><\/div>\n\n\n\n<div class=\"wp-container-5 wp-block-columns alignfull are-vertically-aligned-top\">\n<div class=\"wp-container-1 wp-block-column is-vertically-aligned-top\" style=\"flex-basis:10%\">\n<h6 class=\"wp-block-heading\">Documentos Generales<\/h6>\n\n\n\n<hr class=\"wp-block-separator has-alpha-channel-opacity is-style-wide\" style=\"margin-top:0;margin-bottom:0\"\/>\n\n\n\n<ul style=\"font-size:15px;font-style:normal;font-weight:200\"><li><a href=\"https:\/\/www.pj.gov.py\/descargas\/ID1-183_cdigo_de_buen_gobierno_del_poder_judicial_de_la_repblica_del_paraguay.pdf\">C\u00f3digo del Buen Gobierno<\/a><\/li><li><a href=\"https:\/\/www.vet.una.py\/wp-content\/uploads\/2025\/07\/archivos_9580_CONSTITUCION_ORIGINAL_FIRMADA.pdf\">Constituci\u00f3n Nacional<\/a><\/li><li><a href=\"https:\/\/www.vet.una.py\/wp-content\/uploads\/2025\/07\/archivos_9580_ENMIENDA_CONSTITUCIONAL_N_1.pdf\">Enmienda Constitucional<\/a><\/li><li><a href=\"https:\/\/www.vet.una.py\/wp-content\/uploads\/2025\/07\/estatuto_UNA_2017.pdf\">Estatuto de la <\/a><a href=\"https:\/\/www.vet.una.py\/wp-content\/uploads\/2025\/07\/estatuto_UNA_2017.pdf\" data-type=\"URL\" data-id=\"https:\/\/www.vet.una.py\/wp-content\/uploads\/2025\/07\/estatuto_UNA_2017.pdf\">Universidad <\/a><a href=\"https:\/\/www.vet.una.py\/wp-content\/uploads\/2025\/07\/estatuto_UNA_2017.pdf\">Nacional<\/a><\/li><li><a href=\"https:\/\/www.bacn.gov.py\/leyes-paraguayas\/4401\/ley-n-4995-de-educacion-superior\">Ley N\u00b0 4995\/13 \u201cDe Educaci\u00f3n Superior\u201d<\/a><\/li><li><a href=\"https:\/\/www.bacn.gov.py\/leyes-paraguayas\/954\/de-proteccion-y-bienestar-animal\">Ley N\u00b0 4840 &#8211; De protecci\u00f3n y Bienestar Animal<\/a><\/li><li><a href=\"https:\/\/www.vet.una.py\/wp-content\/uploads\/2025\/07\/ORGANIGRAMA-FILIALES-RES-277-00-2022.pdf\">Organigrama Filiales<\/a><\/li><li><a href=\"https:\/\/www.vet.una.py\/wp-content\/uploads\/2025\/07\/Reglamento-Disciplinario-Unificado-UNA.pdf\">Reglamento Disciplinario Unificado<\/a><\/li><li><a href=\"https:\/\/www.vet.una.py\/wp-content\/uploads\/2025\/07\/Manual-de-Bioseguridad-Seguridad-y-Buenas-Practicas.pdf\">Manual General de Bioseguridad<\/a><\/li><li><a href=\"https:\/\/www.vet.una.py\/wp-content\/uploads\/2025\/07\/RES-464-00-2023.pdf\">Resoluci\u00f3n 464-00-2023<\/a><\/li><li><a href=\"https:\/\/www.vet.una.py\/wp-content\/uploads\/2025\/07\/RES-685-01-16-Bienestar-Social.pdf\">Resoluci\u00f3n 685-01-16 Bienestar Social<\/a><\/li><li><a href=\"https:\/\/www.vet.una.py\/wp-content\/uploads\/2025\/07\/Res.-No-034-00-2025-REGLAMENTO-ACCESO-Y-PERMANENCIA-DIDCom.pdf\">Reglamento General de Acceso y Permanencia DIDCom<\/a><\/li><li><a href=\"https:\/\/www.vet.una.py\/wp-content\/uploads\/2025\/07\/Res.-CSU-No-0068-00-2025-REGLAMENTO-GENERAL-DE-INGRESO-Y-PERMANENCIA-DIDCom.pdf\">Reglamento General de Ingreso y Permanencia DIDCom<\/a><\/li><li><a href=\"https:\/\/www.vet.una.py\/wp-content\/uploads\/2025\/07\/RESOLUCION-N%C2%B0-612-00-2022-POLITICA-DE-GESTION-DEL-TALENTO-HUMANO.pdf\">Pol\u00edtica de Gesti\u00f3n de Talento Humano<\/a><\/li><\/ul>\n\n\n\n<hr class=\"wp-block-separator has-alpha-channel-opacity\"\/>\n\n\n\n<ul style=\"font-size:15px;font-style:normal;font-weight:200\"><li><a href=\"https:\/\/www.vet.una.py\/wp-content\/uploads\/2026\/04\/ANEXO-I-10-1.doc\">Nota de Postulaci\u00f3n<\/a><\/li><li><a href=\"https:\/\/www.vet.una.py\/wp-content\/uploads\/2025\/10\/ANEXO-II-9.docx\">Curriculum Vitae<\/a><\/li><li><a href=\"https:\/\/www.vet.una.py\/wp-content\/uploads\/2026\/04\/ANEXO-III-10.doc\">Declaraci\u00f3n Jurada<\/a><\/li><li><a href=\"https:\/\/www.vet.una.py\/wp-content\/uploads\/2026\/04\/ANEXO-IV-10.doc\">Carta Compromiso<\/a><\/li><\/ul>\n<\/div>\n\n\n\n<div class=\"wp-container-4 wp-block-column is-vertically-aligned-top\" style=\"flex-basis:80%\">\n<p class=\"has-text-color\" style=\"color:#921f53\"><strong><strong>LLAMADOS A CONCURSOS<\/strong><\/strong><\/p>\n\n\n\n<p>La Facultad de Ciencias Veterinarias de la Universidad Nacional de Asunci\u00f3n (FCV-UNA), a trav\u00e9s de la Comisi\u00f3n de Selecci\u00f3n y el Equipo T\u00e9cnico de Apoyo, informa a la comunidad sobre los llamados a concursos internos y externos abreviados para cubrir cargos vacantes en la sede San Lorenzo y en sus filiales.<\/p>\n\n\n\n<p>El objetivo principal de estos llamados es garantizar una gesti\u00f3n transparente, eficiente y conforme a la normativa vigente, orientada a la selecci\u00f3n adecuada de profesionales que re\u00fanan el perfil requerido para cada puesto, fortaleciendo as\u00ed la calidad institucional y el servicio acad\u00e9mico-administrativo.<\/p>\n\n\n\n<h2 class=\"has-text-color\" style=\"color:#921f53;font-size:25px;text-transform:uppercase\">Disponibles<\/h2>\n\n\n\n<p class=\"has-text-align-center has-background-secondary-color has-text-color has-background has-medium-font-size\" style=\"background-color:#921f53\"><strong>LLAMADO A CONCURSO EXTERNO ABREVIADO<\/strong><\/p>\n\n\n\n<div class=\"wp-container-3 wp-block-columns\">\n<div class=\"wp-container-2 wp-block-column\" style=\"flex-basis:100%\">\n<figure class=\"wp-block-table\" style=\"font-size:15px\"><table class=\"has-fixed-layout\"><thead><tr><th>Llamados<\/th><th>Cargos<\/th><th>Interno\/Externo<\/th><th>Anexos<\/th><th>Nombramientos<\/th><\/tr><\/thead><tbody><tr><td><a href=\"https:\/\/www.vet.una.py\/wp-content\/uploads\/2025\/11\/LLAMADO-A-CONCURSO-PUBLICO-EXTERNO-DE-OPOSICION-ABREVIADO-NOMBRAMIENTO.pdf\">Llamado a Concurso Externo Abreviado<\/a> <a href=\"https:\/\/www.vet.una.py\/wp-content\/uploads\/2025\/11\/LLAMADO-A-CONCURSO-PUBLICO-EXTERNO-DE-OPOSICION-ABREVIADO-NOMBRAMIENTO.pdf\">(PARA NOMBRAMIENTO)<\/a><\/td><td>&#8211; 1 Cargo T\u00e9cnico I <strong>(SEDE SAN LORENZO)<\/strong><br>&#8211; 1 Cargo T\u00e9cnico III <strong>(FILIAL SAN JUAN BAUTISTA MISIONES)<\/strong><br>&#8211; 2 Cargo Auxiliar Administrativo I <strong>(FILIAL CONCEPCI\u00d3N)<\/strong><br>&#8211; 1 Cargo Auxiliar Administrativo III <strong>(FILIAL SAN JUAN BAUTISTA MISIONES)<\/strong><\/td><td>Externo<\/td><td><a href=\"https:\/\/www.vet.una.py\/wp-content\/uploads\/2025\/11\/ANEXO-I-10.doc\">&#8211; Anexo I<br><\/a><a href=\"https:\/\/www.vet.una.py\/wp-content\/uploads\/2025\/11\/ANEXO-II-10.docx\">&#8211; Anexo II<br><\/a><a href=\"https:\/\/www.vet.una.py\/wp-content\/uploads\/2025\/11\/ANEXO-III-10.doc\">&#8211; Anexo III<br><\/a><a href=\"https:\/\/www.vet.una.py\/wp-content\/uploads\/2025\/11\/ANEXO-IV-10.doc\">&#8211; Anexo IV<\/a><\/td><td><a href=\"https:\/\/www.vet.una.py\/wp-content\/uploads\/2025\/11\/RES.-N.%C2%B0-01-2025-EXCLUIDOS-LLAMADO-FCV-N.%C2%B0-15-2025.pdf\">&#8211; Excluidos<\/a><br><a href=\"https:\/\/www.vet.una.py\/wp-content\/uploads\/2025\/11\/RES.-N.%C2%B0-02-2025-PRESELECCIONADOS-LLLAMADO-FCV-N.%C2%B0-15-2025-1.pdf\">&#8211; Preseleccionados<\/a><br><a href=\"https:\/\/www.vet.una.py\/wp-content\/uploads\/2025\/11\/COMUNICADO-CONCURSO-PUBLICO-EXTERNO-DE-OPOSICION-ABREVIADO.pdf\"><strong>&#8211; Resultado Final<\/strong><\/a><\/td><\/tr><tr><td><a href=\"https:\/\/www.vet.una.py\/wp-content\/uploads\/2025\/10\/TERCER-LLAMADO-CONCURSO-EXTERNO-GESTION-ACADEMICA.pdf\">Tercer Llamado Externo Abreviado<\/a><\/td><td>&#8211; 1 Cargo de T\u00e9cnico Docente I<strong> (SEDE SAN LORENZO)<\/strong><\/td><td>Externo<\/td><td><a href=\"https:\/\/www.vet.una.py\/wp-content\/uploads\/2025\/10\/ANEXO-I-9.doc\">&#8211; Anexo I<\/a><br><a href=\"https:\/\/www.vet.una.py\/wp-content\/uploads\/2025\/10\/ANEXO-II-9.docx\">&#8211; Anexo II<\/a><br><a href=\"https:\/\/www.vet.una.py\/wp-content\/uploads\/2025\/10\/ANEXO-III-9.doc\">&#8211; Anexo III<\/a><br><a href=\"https:\/\/www.vet.una.py\/wp-content\/uploads\/2025\/10\/ANEXO-IV-9.doc\">&#8211; Anexo IV<\/a><\/td><td><a href=\"https:\/\/www.vet.una.py\/wp-content\/uploads\/2025\/11\/COMUNICADO-CONCURSO-EXTERNO-ABREVIADO-GESTION-ACADEMICA-1.pdf\"><strong>&#8211; Resultado Final<\/strong><br><strong>(Sede SAN LORENZO Y FILIAL CAAZAP\u00c1<\/strong><\/a><strong>)<\/strong><\/td><\/tr><tr><td><a href=\"https:\/\/www.vet.una.py\/wp-content\/uploads\/2025\/10\/SEGUNDO-LLAMADO-A-CONCURSO-EXTERNO-ABREVIADO-GESTION-ACADEMICA.pdf\">Segundo Llamado Externo Abreviado <\/a><\/td><td>&#8211; 1 Cargo de T\u00e9cnico Docente I<strong> (SEDE SAN LORENZO)<\/strong><\/td><td>Externo<\/td><td><a href=\"https:\/\/www.vet.una.py\/wp-content\/uploads\/2025\/10\/ANEXO-I-9.doc\" data-type=\"URL\" data-id=\"https:\/\/www.vet.una.py\/wp-content\/uploads\/2025\/10\/ANEXO-I-9.doc\">&#8211; Anexo I <\/a><br><a href=\"https:\/\/www.vet.una.py\/wp-content\/uploads\/2025\/10\/ANEXO-II-9.docx\">&#8211; Anexo II <\/a><br><a href=\"https:\/\/www.vet.una.py\/wp-content\/uploads\/2025\/10\/ANEXO-III-9.doc\">&#8211; Anexo III <\/a><br><a href=\"https:\/\/www.vet.una.py\/wp-content\/uploads\/2025\/10\/ANEXO-IV-9.doc\">&#8211; Anexo IV<\/a><\/td><td><\/td><\/tr><tr><td><a href=\"https:\/\/www.vet.una.py\/wp-content\/uploads\/2025\/10\/LLAMADO-A-CONCURSO-EXTERNO-ABREVIADO-28-Y-29-.pdf\">Llamado Externo Abreviado <\/a><\/td><td>&#8211; 1 Cargo de T\u00e9cnico Docente I <strong>(FILIAL CAAZAPA)<\/strong><br>&#8211; 1 Cargo de T\u00e9cnico Docente I <strong>(SEDE SAN LORENZO)<\/strong><\/td><td>Externo<\/td><td><a href=\"https:\/\/www.vet.una.py\/wp-content\/uploads\/2025\/10\/ANEXO-I-9.doc\">&#8211; Anexo I<br><\/a><a href=\"https:\/\/www.vet.una.py\/wp-content\/uploads\/2025\/10\/ANEXO-II-9.docx\">&#8211; Anexo II<br><\/a><a href=\"https:\/\/www.vet.una.py\/wp-content\/uploads\/2025\/10\/ANEXO-III-9.doc\">&#8211; Anexo III<br><\/a><a href=\"https:\/\/www.vet.una.py\/wp-content\/uploads\/2025\/10\/ANEXO-IV-9.doc\">&#8211; Anexo IV<\/a><\/td><td><a href=\"https:\/\/www.vet.una.py\/wp-content\/uploads\/2025\/10\/RES.-N.\u00b0-01-2025-EXCLUIDOS.pdf\">&#8211; Excluidos<\/a><\/td><\/tr><\/tbody><\/table><\/figure>\n<\/div>\n<\/div>\n\n\n\n<p class=\"has-text-align-center has-background-secondary-color has-text-color has-background has-medium-font-size\" style=\"background-color:#921f53\"><strong>LLAMADO A CONCURSO INTERNO<\/strong> <strong>ABREVIADO<\/strong><\/p>\n\n\n\n<figure class=\"wp-block-table\" style=\"font-size:15px\"><table class=\"has-fixed-layout\"><thead><tr><th>Llamados<\/th><th>Cargos<\/th><th>Interno\/Externo<\/th><th>Anexos<\/th><th>Nombramientos<\/th><\/tr><\/thead><tbody><tr><td><a href=\"https:\/\/www.vet.una.py\/wp-content\/uploads\/2025\/11\/LLAMADO-A-CONCURSO-INTERNO-ABREVIADO-ASCENSO-Y-O-PROMISION.pdf\">Llamado a Concurso Interno Abreviado (PARA PROMOCI\u00d3N)<\/a><\/td><td>&#8211; 2 Cargo profesional I<\/td><td>Interno<\/td><td><a href=\"https:\/\/www.vet.una.py\/wp-content\/uploads\/2025\/11\/ANEXO-I-10.doc\">&#8211; Anexo I<br><\/a><a href=\"https:\/\/www.vet.una.py\/wp-content\/uploads\/2025\/11\/ANEXO-II-10.docx\">&#8211; Anexo II<br><\/a><a href=\"https:\/\/www.vet.una.py\/wp-content\/uploads\/2025\/11\/ANEXO-III-10.doc\">&#8211; Anexo III<br><\/a><a href=\"https:\/\/www.vet.una.py\/wp-content\/uploads\/2025\/11\/ANEXO-IV-10.doc\">&#8211; Anexo IV<\/a><\/td><td><a href=\"https:\/\/www.vet.una.py\/wp-content\/uploads\/2025\/11\/RES.-N.%C2%B0-01-2025-PRESELECCIONADOS-LLAMADO-FCV-N.%C2%B0-14-2025.pdf\">&#8211; Preseleccionados<\/a><br><a href=\"https:\/\/www.vet.una.py\/wp-content\/uploads\/2025\/11\/COMUNICADO-CONCURSO-INTERNO-ABREVIADO-PROMOCION-O-ASCENSO.pdf\"><strong>&#8211; Resultado Final<\/strong><\/a><\/td><\/tr><tr><td><a href=\"https:\/\/www.vet.una.py\/wp-content\/uploads\/2025\/10\/TERECER-LLAMADO-CONCURSO-INTERNO-ABREVIADO-GESTION-ACADEMICA.pdf\">Tercer Llamado Interno Abreviado<\/a><\/td><td>&#8211; 1 Cargo de T\u00e9cnico Docente I <strong>(SEDE SAN LORENZO)<\/strong> <br>&#8211; 1 Cargo de Docente Investigador I <strong>(SEDE SAN LORENZO)<\/strong><\/td><td>Interno<\/td><td><a href=\"https:\/\/www.vet.una.py\/wp-content\/uploads\/2025\/10\/ANEXO-I-9.doc\">&#8211; Anexo I<\/a><br><a href=\"https:\/\/www.vet.una.py\/wp-content\/uploads\/2025\/10\/ANEXO-II-9.docx\">&#8211; Anexo II<\/a><br><a href=\"https:\/\/www.vet.una.py\/wp-content\/uploads\/2025\/10\/ANEXO-III-9.doc\">&#8211; Anexo III<\/a><br><a href=\"https:\/\/www.vet.una.py\/wp-content\/uploads\/2025\/10\/ANEXO-IV-9.doc\">&#8211; Anexo IV<\/a><\/td><td><strong><a href=\"https:\/\/www.vet.una.py\/wp-content\/uploads\/2025\/11\/COMUNICADO-CONCURSO-INTERNO-ABREVIADO-GESTION-ACADEMICA.pdf\">&#8211; Resultado Final<\/a><\/strong><\/td><\/tr><tr><td><a href=\"https:\/\/www.vet.una.py\/wp-content\/uploads\/2025\/10\/SEGUNDO-LLAMADO-A-CONCURSO-INTERNO-ABREVIADO-GESTION-ACADEMICA.pdf\">Segundo Llamado Interno Abreviado<\/a><\/td><td>&#8211; 1 Cargo de T\u00e9cnico Docente I <strong>(SEDE SAN LORENZO)<\/strong> <br>&#8211; 1 Cargo de Docente Investigador I <strong>(SEDE SAN LORENZO)<\/strong><\/td><td>Interno<\/td><td><a href=\"https:\/\/www.vet.una.py\/wp-content\/uploads\/2025\/10\/ANEXO-I-9.doc\">&#8211; Anexo I <\/a><br><a href=\"https:\/\/www.vet.una.py\/wp-content\/uploads\/2025\/10\/ANEXO-II-9.docx\">&#8211; Anexo II<\/a> <br><a href=\"https:\/\/www.vet.una.py\/wp-content\/uploads\/2025\/10\/ANEXO-III-9.doc\">&#8211; Anexo III <\/a><br><a href=\"https:\/\/www.vet.una.py\/wp-content\/uploads\/2025\/10\/ANEXO-IV-9.doc\" data-type=\"URL\" data-id=\"https:\/\/www.vet.una.py\/wp-content\/uploads\/2025\/10\/ANEXO-IV-9.doc\">&#8211; Anexo IV<\/a><\/td><td><\/td><\/tr><tr><td><a href=\"https:\/\/www.vet.una.py\/wp-content\/uploads\/2025\/10\/LLAMADO-A-CONCURSO-INTERNO-ABREVIADO-28-Y-29-.pdf\">Llamado Interno Abreviado <\/a><\/td><td>&#8211; 1 Cargo de T\u00e9cnico Docente I <strong>(SEDE SAN LORENZO)<\/strong><br>&#8211; 1 Cargo de Docente Investigador I <strong>(SEDE SAN LORENZO)<\/strong><\/td><td>Interno<\/td><td><a href=\"https:\/\/www.vet.una.py\/wp-content\/uploads\/2025\/10\/ANEXO-I-9.doc\">&#8211; Anexo I<br><\/a><a href=\"https:\/\/www.vet.una.py\/wp-content\/uploads\/2025\/10\/ANEXO-II-9.docx\">&#8211; Anexo II<br><\/a><a href=\"https:\/\/www.vet.una.py\/wp-content\/uploads\/2025\/10\/ANEXO-III-9.doc\">&#8211; Anexo III<br><\/a><a href=\"https:\/\/www.vet.una.py\/wp-content\/uploads\/2025\/10\/ANEXO-IV-9.doc\">&#8211; Anexo IV<\/a><\/td><td><\/td><\/tr><\/tbody><\/table><\/figure>\n\n\n\n<hr class=\"wp-block-separator has-alpha-channel-opacity is-style-wide\"\/>\n\n\n\n<h2 class=\"has-text-color\" style=\"color:#921f53;font-size:25px\">FINALIZADOS<\/h2>\n\n\n\n<p class=\"has-text-align-center has-background-secondary-color has-text-color has-background has-medium-font-size\" style=\"background-color:#921f53\"><strong>LLAMADO A CONCURSO EXTERNO ABREVIADO<\/strong><\/p>\n\n\n\n<figure class=\"wp-block-table\" style=\"font-size:15px\"><table class=\"has-fixed-layout\"><thead><tr><th>Llamados<\/th><th>Cargos<\/th><th>Interno\/Externo<\/th><th>Anexos<\/th><th>Nombramientos<\/th><\/tr><\/thead><tbody><tr><td><a href=\"https:\/\/www.vet.una.py\/wp-content\/uploads\/2025\/10\/TERCER-LLAMADO-A-CONCURSO-EXTERNO-ABREVIADO-CONTRATO.pdf\">Tercer Llamado Externo Abreviado (Para Contrato)<\/a><\/td><td>&#8211; 1 Cargo de Auxiliar de Servicios Generales <strong>(Filial San Estanislao)<\/strong><\/td><td>Externo<\/td><td><a href=\"https:\/\/www.vet.una.py\/wp-content\/uploads\/2025\/10\/ANEXO-I-7.doc\">&#8211; Anexo I<br><\/a><a href=\"https:\/\/www.vet.una.py\/wp-content\/uploads\/2025\/10\/ANEXO-II-7.docx\">&#8211; Anexo II<br><\/a><a href=\"https:\/\/www.vet.una.py\/wp-content\/uploads\/2025\/10\/ANEXO-III-7.doc\">&#8211; Anexo III<br><\/a><a href=\"https:\/\/www.vet.una.py\/wp-content\/uploads\/2025\/10\/ANEXO-IV-6.doc\">&#8211; Anexo IV<\/a><\/td><td><a href=\"https:\/\/www.vet.una.py\/wp-content\/uploads\/2025\/10\/RESOLUCION-N\u00b0-02-LLAMADO-FCV-N\u00b0-11-1.pdf\">-Preseleccionados <strong>(San Estanislao y San Lorenzo)<\/strong><\/a><br><a href=\"https:\/\/www.vet.una.py\/wp-content\/uploads\/2025\/10\/COMUNICADO-CONCURSO-EXTERNO-ABREVIADO-SAN-LORENZO-Y-FILIALES.pdf\"><strong>&#8211; <\/strong><\/a><a href=\"https:\/\/www.vet.una.py\/wp-content\/uploads\/2025\/10\/COMUNICADO-CONCURSO-EXTERNO-ABREVIADO-CONTRATO.pdf\"><strong>Resultado Final<\/strong> <strong>(San Estanislao y San Lorenzo)<\/strong><\/a><\/td><\/tr><tr><td><a href=\"https:\/\/www.vet.una.py\/wp-content\/uploads\/2025\/10\/SEGUNDO-LLAMADO-A-CONCURSO-EXTERNO-ABREVIADO-CONTRATO.pdf\">Segundo Llamado Externo Abreviado (Para Contrato)<\/a><\/td><td>&#8211; 1 Cargo de Auxiliar de Servicios Generales <strong>(Filial San Estanislao)<\/strong><br>&#8211; 1 Cargo de Auxiliar de Servicios Generales <strong>(Sede San Lorenzo)<\/strong><\/td><td>Externo<\/td><td><a href=\"https:\/\/www.vet.una.py\/wp-content\/uploads\/2025\/10\/ANEXO-I-7.doc\">&#8211; Anexo I<br><\/a><a href=\"https:\/\/www.vet.una.py\/wp-content\/uploads\/2025\/10\/ANEXO-II-7.docx\">&#8211; Anexo II<br><\/a><a href=\"https:\/\/www.vet.una.py\/wp-content\/uploads\/2025\/10\/ANEXO-III-7.doc\">&#8211; Anexo III<br><\/a><a href=\"https:\/\/www.vet.una.py\/wp-content\/uploads\/2025\/10\/ANEXO-IV-6.doc\">&#8211; Anexo IV<\/a><\/td><td><a href=\"https:\/\/www.vet.una.py\/wp-content\/uploads\/2025\/10\/RESOLUCION-N\u00b0-01-LLAMADO-FCV-N\u00b0-11-1.pdf\">&#8211; Excluidos<\/a><\/td><\/tr><tr><td><a href=\"https:\/\/www.vet.una.py\/wp-content\/uploads\/2025\/10\/LLAMADO-A-CONCURSO-EXTERNO-ABREVIADO-CONTRATO.pdf\">Llamado Externo Abreviado (Para Contrato)<\/a><\/td><td>&#8211; 1 Cargo de Auxiliar de Servicios Generales <strong>(Filial San Estanislao)<\/strong><br>&#8211; 1 Cargo de Auxiliar de Servicios Generales <strong>(Sede San Lorenzo)<\/strong><\/td><td>Externo<\/td><td><a href=\"https:\/\/www.vet.una.py\/wp-content\/uploads\/2025\/10\/ANEXO-I-6.doc\">&#8211; Anexo I<br><\/a><a href=\"https:\/\/www.vet.una.py\/wp-content\/uploads\/2025\/10\/ANEXO-II-6.docx\">&#8211; Anexo II<br><\/a><a href=\"https:\/\/www.vet.una.py\/wp-content\/uploads\/2025\/10\/ANEXO-III-6.doc\">&#8211; Anexo III<br><\/a><a href=\"https:\/\/www.vet.una.py\/wp-content\/uploads\/2025\/10\/ANEXO-IV-4.doc\">&#8211; Anexo IV<\/a><\/td><td><\/td><\/tr><\/tbody><\/table><\/figure>\n\n\n\n<figure class=\"wp-block-table is-style-regular\" style=\"font-size:15px\"><table class=\"has-fixed-layout\"><thead><tr><th>Llamados<\/th><th>Cargos<\/th><th>Interno\/Externo<\/th><th>Anexos<\/th><th>Nombramientos<\/th><\/tr><\/thead><tbody><tr><td><a href=\"https:\/\/www.vet.una.py\/wp-content\/uploads\/2025\/09\/TERCER-LLAMADO-A-CONCURSO-EXTERNO-ABREVIADO-SEDE-SAN-LORENZO.pdf\">TERCER LLAMADO A CONCURSO EXTERNO ABREVIADO (PARA NOMBRAMIENTO)<\/a><\/td><td>&#8211; 1 Cargo de T\u00e9cnico I<\/td><td>Externo<\/td><td><a href=\"https:\/\/www.vet.una.py\/wp-content\/uploads\/2025\/09\/ANEXO-I-5.doc\">&#8211; Anexo I<br><\/a><a href=\"https:\/\/www.vet.una.py\/wp-content\/uploads\/2025\/09\/ANEXO-II-5.docx\">&#8211; Anexo II<br><\/a><a href=\"https:\/\/www.vet.una.py\/wp-content\/uploads\/2025\/09\/ANEXO-III-5.doc\">&#8211; Anexo III<br><\/a><a href=\"https:\/\/www.vet.una.py\/wp-content\/uploads\/2025\/09\/ANEXO-IV-3.doc\">&#8211; Anexo IV<\/a><\/td><td><a href=\"https:\/\/www.vet.una.py\/wp-content\/uploads\/2025\/10\/COMUNICADO-CONCURSO-EXTERNO-ABREVIADO-SAN-LORENZO-Y-FILIALES.pdf\"><strong>&#8211; Resultado Final<\/strong><br><\/a><\/td><\/tr><tr><td><a href=\"https:\/\/www.vet.una.py\/wp-content\/uploads\/2025\/09\/SEGUNDO-LLAMADO-A-CONCURSO-EXTERNO-ABREVIADO-SEDE-SAN-LORENZO.pdf\">SEGUNDO LLAMADO A CONCURSO EXTERNO ABREVIADO (PARA NOMBRAMIENTO)<\/a><\/td><td>&#8211; 1 Cargo de Profesional II<br>&#8211; 1 Cargo de T\u00e9cnico I<\/td><td>Externo<\/td><td><a href=\"https:\/\/www.vet.una.py\/wp-content\/uploads\/2025\/09\/ANEXO-I-4.doc\">&#8211; Anexo I<br><\/a><a href=\"https:\/\/www.vet.una.py\/wp-content\/uploads\/2025\/09\/ANEXO-II-4.docx\">&#8211; Anexo II<br><\/a><a href=\"https:\/\/www.vet.una.py\/wp-content\/uploads\/2025\/09\/ANEXO-III-4.doc\">&#8211; Anexo III<br><\/a><a href=\"https:\/\/www.vet.una.py\/wp-content\/uploads\/2025\/09\/ANEXO-IV-2.doc\">&#8211; Anexo IV<\/a><\/td><td><\/td><\/tr><tr><td><a href=\"https:\/\/www.vet.una.py\/wp-content\/uploads\/2025\/09\/SEGUNDO-LLAMADO-A-CONCURSO-EXTERNO-ABREVIADO-FILIAL-SAN-JUAN-BTTA.-MISIONES.pdf\">SEGUNDO LLAMADO A CONCURSO EXTERNO ABREVIADO <strong>(PARA NOMBRAMIENTO) FILIAL SAN JUAN BAUTISTA MISIONES<\/strong><\/a><\/td><td>&#8211; 1 Cargo de Profesional II<\/td><td>Externo<\/td><td><a href=\"https:\/\/www.vet.una.py\/wp-content\/uploads\/2025\/09\/ANEXO-I-4.doc\">&#8211; Anexo I<br><\/a><a href=\"https:\/\/www.vet.una.py\/wp-content\/uploads\/2025\/09\/ANEXO-II-4.docx\">&#8211; Anexo II<br><\/a><a href=\"https:\/\/www.vet.una.py\/wp-content\/uploads\/2025\/09\/ANEXO-III-4.doc\">&#8211; Anexo III<br><\/a><a href=\"https:\/\/www.vet.una.py\/wp-content\/uploads\/2025\/09\/ANEXO-IV-2.doc\">&#8211; Anexo IV<\/a><\/td><td><strong><a href=\"https:\/\/www.vet.una.py\/wp-content\/uploads\/2025\/10\/COMUNICADO-CONCURSO-EXTERNO-ABREVIADO-SAN-JUAN-BAUTISTA-MISIONES.pdf\">&#8211; Resultado Final<\/a><\/strong><br><a href=\"https:\/\/www.vet.una.py\/wp-content\/uploads\/2025\/09\/RES.-N.\u00b0-02-2025-LLAMADO-FCV-N.\u00b0-09-2025-EXCLUIDOS.pdf\">&#8211; Excluidos<\/a><\/td><\/tr><tr><td><a href=\"https:\/\/www.vet.una.py\/wp-content\/uploads\/2025\/09\/LLAMADO-A-CONCURSO-EXTERNO-ABREVIADO-NOMBRAMIENTO-FILIAL-SAN-JUAN-BAUTISTA-MISIONES.pdf\">Llamado Externo Abreviado (Para Nombramiento) FILIAL SAN JUAN BAUTISTA MISIONES<\/a><\/td><td>&#8211; 1 Cargo de Profesional II<br>&#8211; 1 Cargo de T\u00e9cnico III<br>&#8211; 1 Cargo de Auxiliar Administrativo III<\/td><td>Externo<\/td><td><a href=\"https:\/\/www.vet.una.py\/wp-content\/uploads\/2025\/09\/ANEXO-I-3.doc\">&#8211; Anexo I<br><\/a><a href=\"https:\/\/www.vet.una.py\/wp-content\/uploads\/2025\/09\/ANEXO-II-3.docx\">&#8211; Anexo II<br><\/a><a href=\"https:\/\/www.vet.una.py\/wp-content\/uploads\/2025\/09\/ANEXO-III-3.doc\">&#8211; Anexo III<br><\/a><a href=\"https:\/\/www.vet.una.py\/wp-content\/uploads\/2025\/09\/ANEXO-IV-1.doc\">&#8211; Anexo IV<\/a><\/td><td><a href=\"https:\/\/www.vet.una.py\/wp-content\/uploads\/2025\/09\/RES.-N.\u00b0-01-2025-LLAMADO-FCV-N.\u00b0-09-2025-EXCLUIDOS.pdf\">&#8211; Excluidos<\/a><\/td><\/tr><tr><td><a href=\"https:\/\/www.vet.una.py\/wp-content\/uploads\/2025\/09\/LLAMADO-A-CONCURSO-EXTERNO-ABREVIADO-NOMBRAMIENTO-SEDE-SAN-LORENZO-Y-FILIALES.pdf\">Llamado Externo Abreviado (Para Nombramiento)<br>SEDE SAN LORENZO Y FILIALES<\/a><\/td><td>&#8211; 1 Cargo de Profesional II<br>&#8211; 3 Cargo de T\u00e9cnico I<br>&#8211; 1 Cargo de T\u00e9cnico II<br>&#8211; 1 Cargo de T\u00e9cnico III<br>&#8211; 1 Cargo de Auxiliar Administrativo II<br>&#8211; 1 Cargo de Personal de Servicios II<\/td><td>Externo<\/td><td><a href=\"https:\/\/www.vet.una.py\/wp-content\/uploads\/2025\/09\/ANEXO-I-3.doc\">&#8211; Anexo I<br><\/a><a href=\"https:\/\/www.vet.una.py\/wp-content\/uploads\/2025\/09\/ANEXO-II-3.docx\">&#8211; Anexo II<br><\/a><a href=\"https:\/\/www.vet.una.py\/wp-content\/uploads\/2025\/09\/ANEXO-III-3.doc\">&#8211; Anexo III<br><\/a><a href=\"https:\/\/www.vet.una.py\/wp-content\/uploads\/2025\/09\/ANEXO-IV-1.doc\">&#8211; Anexo IV<\/a><\/td><td><a href=\"https:\/\/www.vet.una.py\/wp-content\/uploads\/2025\/09\/RES.-N.\u00b0-01-2025-LLAMADO-FCV-N.\u00b0-10-2025-EXCLUIDOS.pdf\">&#8211; Excluidos<\/a><\/td><\/tr><\/tbody><\/table><\/figure>\n\n\n\n<figure class=\"wp-block-table is-style-regular\" style=\"font-size:15px\"><table class=\"has-fixed-layout\"><thead><tr><th>Llamados<\/th><th>Cargos<\/th><th>Interno\/Externo<\/th><th>Anexos<\/th><th>Nombramientos<\/th><\/tr><\/thead><tbody><tr><td><a href=\"https:\/\/www.vet.una.py\/wp-content\/uploads\/2025\/07\/2do.-Llamado-PS-II-julio-2025.pdf\">Segundo llamado Externo Abreviado (Para Nombramiento)<\/a><\/td><td>&#8211; 1 Personal de Servicio II<\/td><td>Externo<\/td><td><a href=\"https:\/\/www.vet.una.py\/wp-content\/uploads\/2025\/07\/ANEXO-I-3.doc\">&#8211; Anexo I<br><\/a><a href=\"https:\/\/www.vet.una.py\/wp-content\/uploads\/2025\/07\/ANEXO-II-3.docx\">&#8211; Anexo II<br><\/a><a href=\"https:\/\/www.vet.una.py\/wp-content\/uploads\/2025\/07\/ANEXO-III-3.doc\">&#8211; Anexo III<br><\/a><a href=\"https:\/\/www.vet.una.py\/wp-content\/uploads\/2025\/07\/ANEXO-IV.doc\">&#8211; Anexo IV<\/a><\/td><td><a href=\"https:\/\/www.vet.una.py\/wp-content\/uploads\/2025\/08\/RES-N\u00b0-02-PRESELECCIONADOS.pdf\">&#8211; Preseleccionados<br><\/a>&#8211; Resultados<\/td><\/tr><tr><td><a href=\"https:\/\/www.vet.una.py\/wp-content\/uploads\/2025\/07\/LLAMADO-A-CONCURSO-EXTERNO-ABREVIADO-NOMBRAMIENTO.pdf\">Llamado Externo Abreviado (Para Nombramiento)<\/a><\/td><td>&#8211; 2 Personal de Servicio II<\/td><td>Externo<\/td><td><\/td><td><a href=\"https:\/\/www.vet.una.py\/wp-content\/uploads\/2025\/07\/Resolucion-de-excluidos-PS-II-julio-2025.pdf\">&#8211; Excluidos<\/a><\/td><\/tr><\/tbody><\/table><\/figure>\n\n\n\n<p class=\"has-text-align-center has-background-secondary-color has-text-color has-background has-medium-font-size\" style=\"background-color:#921f53\"><strong>LLAMADO A CONCURSO P\u00daBLICO DE OPOSICI\u00d3N<br>(DOCENTE INVESTIGADOR &#8211; DIDCom) <\/strong><\/p>\n\n\n\n<figure class=\"wp-block-table\" style=\"font-size:15px\"><table class=\"has-fixed-layout\"><thead><tr><th>Llamados<\/th><th>Cargos<\/th><th>Interno\/Externo<\/th><th>Anexos<\/th><th>Nombramientos<\/th><\/tr><\/thead><tbody><tr><td><a rel=\"noreferrer noopener\" href=\"https:\/\/www.vet.una.py\/wp-content\/uploads\/2025\/07\/TERCER-LLAMADO-DIDCom.pdf\" target=\"_blank\">Tercer llamado a Concurso P\u00fablico de Oposici\u00f3n &#8211; DIDCom<\/a><\/td><td>&#8211; 3 Docente Investigador DIDCom<br><br><\/td><td>Externo<\/td><td><a rel=\"noreferrer noopener\" href=\"https:\/\/www.vet.una.py\/wp-content\/uploads\/2025\/07\/ANEXO_I.doc\" target=\"_blank\">&#8211; Anexo I<\/a><br><a rel=\"noreferrer noopener\" href=\"https:\/\/www.vet.una.py\/wp-content\/uploads\/2025\/07\/ANEXO-II-1.doc\" target=\"_blank\">&#8211; Anexo II<\/a><br><a rel=\"noreferrer noopener\" href=\"https:\/\/www.vet.una.py\/wp-content\/uploads\/2025\/07\/ANEXO_III.doc\" target=\"_blank\">&#8211; Anexo III<\/a><\/td><td><a rel=\"noreferrer noopener\" href=\"https:\/\/www.vet.una.py\/wp-content\/uploads\/2025\/07\/00-Res.-01-DIDCom-preseleccionados.pdf\" target=\"_blank\">-Preseleccionados<\/a><br><a rel=\"noreferrer noopener\" href=\"https:\/\/www.vet.una.py\/wp-content\/uploads\/2025\/07\/COMUNICADO-CONCURSO-PUBLICO-DE-OPOSICION-DIDCom.pdf\" target=\"_blank\">-Puntajes Finales<\/a><br>&#8211; Admitidos<\/td><\/tr><tr><td><a rel=\"noreferrer noopener\" href=\"https:\/\/www.vet.una.py\/wp-content\/uploads\/2025\/07\/SEGUNDO-LLAMADO-DIDCom.pdf\" target=\"_blank\">Segundo llamado a Concurso P\u00fablico de Oposici\u00f3n &#8211; DIDCom<\/a><\/td><td>&#8211; 3 Docente Investigador DIDCom<br><br><\/td><td>Externo<\/td><td>&#8211; Anexo I<br>&#8211; Anexo II<br>&#8211; Anexo III<\/td><td>&#8211; Resultado Final<br>&#8211; Admitidos<\/td><\/tr><tr><td><a rel=\"noreferrer noopener\" href=\"https:\/\/www.vet.una.py\/wp-content\/uploads\/2025\/07\/LLAMADO_A_CONCURSO_PUBLICO_DE_OPOSICION_DIDCom.pdf\" target=\"_blank\">Llamado a Concurso P\u00fablico de Oposici\u00f3n &#8211; DIDCom<\/a><\/td><td>&#8211; 3 Docente Investigador DIDCom<br><br><\/td><td>Externo<\/td><td><a rel=\"noreferrer noopener\" href=\"https:\/\/www.vet.una.py\/wp-content\/uploads\/2025\/07\/ANEXO_I.doc\" target=\"_blank\">&#8211; Anexo I<\/a><br><a rel=\"noreferrer noopener\" href=\"https:\/\/www.vet.una.py\/wp-content\/uploads\/2025\/07\/ANEXO-II-1.doc\" target=\"_blank\">&#8211; Anexo II<\/a><br><a rel=\"noreferrer noopener\" href=\"https:\/\/www.vet.una.py\/wp-content\/uploads\/2025\/07\/ANEXO_III.doc\" target=\"_blank\">&#8211; Anexo III<\/a><\/td><td>&#8211; Resultado Final<br>&#8211; Admitidos<\/td><\/tr><\/tbody><\/table><\/figure>\n\n\n\n<p class=\"has-text-align-center has-background-secondary-color has-text-color has-background has-medium-font-size\" style=\"background-color:#921f53\"><strong>LLAMADO A CONCURSO INTERNO ABREVIADO<br>(ADMINISTRATIVOS PARA ASCENSO) <\/strong><\/p>\n\n\n\n<figure class=\"wp-block-table\" style=\"font-size:15px\"><table class=\"has-fixed-layout\"><thead><tr><th>Llamados<\/th><th>Cargos<\/th><th>Interno\/Externo<\/th><th>Anexos<\/th><th>Nombramientos<\/th><\/tr><\/thead><tbody><tr><td><a rel=\"noreferrer noopener\" href=\"https:\/\/www.vet.una.py\/wp-content\/uploads\/2025\/07\/TERCER-LLAMADO-A-CONCURSO-INTERNO-ABREVIADO-ASCENSO.pdf\" target=\"_blank\">Tercer llamado Interno Abreviado (Administrativo para ascenso)<\/a><\/td><td>&#8211; 2 Profesional II<br>&#8211; 2 T\u00e9cnico I<br>&#8211; 1 T\u00e9cnico II<br>&#8211; 1 T\u00e9cnico III<br>&#8211; 2 Aux. Adm. I<\/td><td>Interno<\/td><td><a rel=\"noreferrer noopener\" href=\"https:\/\/www.vet.una.py\/wp-content\/uploads\/2025\/07\/ANEXO-I-2.doc\" target=\"_blank\">&#8211; Anexo I<\/a><br><a rel=\"noreferrer noopener\" href=\"https:\/\/www.vet.una.py\/wp-content\/uploads\/2025\/07\/ANEXO-II-2.docx\" target=\"_blank\">&#8211; Anexo II<\/a><br><a href=\"https:\/\/www.vet.una.py\/wp-content\/uploads\/2025\/07\/ANEXO-III-2.doc\">&#8211; Anexo III<\/a><\/td><td><a rel=\"noreferrer noopener\" href=\"https:\/\/www.vet.una.py\/wp-content\/uploads\/2025\/07\/RES.-No-03-2025-PRESELECCIONADOS-CONCURSO-INTERNO-ABREVIADO-ASCENSO.pdf\" target=\"_blank\">&#8211; Preseleccionados<\/a><br><a rel=\"noreferrer noopener\" href=\"https:\/\/www.vet.una.py\/wp-content\/uploads\/2025\/07\/COMUNICADO-CONCURSO-INTERNO-ABREVIADO-ASCENSO-1.pdf\" target=\"_blank\">&#8211; Resultados<\/a><\/td><\/tr><tr><td><a rel=\"noreferrer noopener\" href=\"https:\/\/www.vet.una.py\/wp-content\/uploads\/2025\/07\/SEGUNDO-LLAMADO-A-CONCURSO-INTERNO-ABREVIADO-ASCENSO-10.pdf\" target=\"_blank\">Segundo llamado Interno Abreviado (Administrativo para ascenso)<\/a><\/td><td>&#8211; 1 Jefe de Divisi\u00f3n<br>&#8211; 2 Profesional II<br>&#8211; 2 T\u00e9cnico I<br>&#8211; 1 T\u00e9cnico II<br>&#8211; 1 T\u00e9cnico III<br>&#8211; 2 Aux. Adm. I<\/td><td>Interno<\/td><td><a rel=\"noreferrer noopener\" href=\"https:\/\/www.vet.una.py\/wp-content\/uploads\/2025\/07\/ANEXO-I-1.doc\" target=\"_blank\">&#8211; Anexo I<\/a><br><a rel=\"noreferrer noopener\" href=\"https:\/\/www.vet.una.py\/wp-content\/uploads\/2025\/07\/ANEXO-II-1.docx\" target=\"_blank\">&#8211; Anexo II<\/a><br><a rel=\"noreferrer noopener\" href=\"https:\/\/www.vet.una.py\/wp-content\/uploads\/2025\/07\/ANEXO-III-1.doc\" target=\"_blank\">&#8211; Anexo III<\/a><\/td><td><a rel=\"noreferrer noopener\" href=\"https:\/\/www.vet.una.py\/wp-content\/uploads\/2025\/07\/RES.-No-02-2025-EXCLUIDOS-CONCURSO-INTERNO-ABREVIADO-ASCENSO.pdf\" target=\"_blank\">&#8211; Excluidos<\/a><br>&#8211; Admitidos<br>&#8211; Resultado Final<\/td><\/tr><tr><td><a rel=\"noreferrer noopener\" href=\"https:\/\/www.vet.una.py\/wp-content\/uploads\/2025\/07\/LLAMADO_A_CONCURSO_INTERNO_ADMINISTRATIVO_PARA_ASCENSO.pdf\" target=\"_blank\">Llamado a Concurso Interno Abreviado (Administrativo para Ascenso)<\/a><\/td><td>&#8211; 1 Jefe de Divisi\u00f3n<br>&#8211; 1 Profesional II<br>&#8211; 2 Profesional II<br>&#8211; 2 T\u00e9cnico I<br>&#8211; 1 T\u00e9cnico II<br>&#8211; 1 T\u00e9cnico III<br>&#8211; 2 Aux. Adm. I<\/td><td>Interno<\/td><td><a rel=\"noreferrer noopener\" href=\"https:\/\/www.vet.una.py\/wp-content\/uploads\/2025\/07\/ANEXO-I.doc\" target=\"_blank\">&#8211; Anexo I<\/a><br><a rel=\"noreferrer noopener\" href=\"https:\/\/www.vet.una.py\/wp-content\/uploads\/2025\/07\/ANEXO-II.docx\" target=\"_blank\">&#8211; Anexo II<\/a><br><a rel=\"noreferrer noopener\" href=\"https:\/\/www.vet.una.py\/wp-content\/uploads\/2025\/07\/ANEXO-III.doc\" target=\"_blank\">&#8211; Anexo III<\/a><\/td><td><a rel=\"noreferrer noopener\" href=\"https:\/\/www.vet.una.py\/wp-content\/uploads\/2025\/07\/RES.-No-01-2025-EXCLUIDOS-CONCURSO-INTERNO-ABREVIADO-ASCENSO.pdf\" target=\"_blank\">&#8211; Excluidos<\/a><br>&#8211; Admitidos<br>&#8211; Resultado Final<\/td><\/tr><\/tbody><\/table><\/figure>\n\n\n\n<hr class=\"wp-block-separator has-alpha-channel-opacity is-style-wide\"\/>\n<\/div>\n<\/div>\n\n\n\n<div style=\"height:31px\" aria-hidden=\"true\" class=\"wp-block-spacer\"><\/div>\n","protected":false},"excerpt":{"rendered":"<p>Documentos Generales C\u00f3digo del Buen Gobierno Constituci\u00f3n Nacional Enmienda Constitucional Estatuto de la Universidad Nacional [&hellip;]<\/p>\n","protected":false},"author":4,"featured_media":1758,"parent":0,"menu_order":0,"comment_status":"closed","ping_status":"closed","template":"","meta":[],"_links":{"self":[{"href":"https:\/\/www.vet.una.py\/index.php?rest_route=\/wp\/v2\/pages\/1636"}],"collection":[{"href":"https:\/\/www.vet.una.py\/index.php?rest_route=\/wp\/v2\/pages"}],"about":[{"href":"https:\/\/www.vet.una.py\/index.php?rest_route=\/wp\/v2\/types\/page"}],"author":[{"embeddable":true,"href":"https:\/\/www.vet.una.py\/index.php?rest_route=\/wp\/v2\/users\/4"}],"replies":[{"embeddable":true,"href":"https:\/\/www.vet.una.py\/index.php?rest_route=%2Fwp%2Fv2%2Fcomments&post=1636"}],"version-history":[{"count":201,"href":"https:\/\/www.vet.una.py\/index.php?rest_route=\/wp\/v2\/pages\/1636\/revisions"}],"predecessor-version":[{"id":10395,"href":"https:\/\/www.vet.una.py\/index.php?rest_route=\/wp\/v2\/pages\/1636\/revisions\/10395"}],"wp:featuredmedia":[{"embeddable":true,"href":"https:\/\/www.vet.una.py\/index.php?rest_route=\/wp\/v2\/media\/1758"}],"wp:attachment":[{"href":"https:\/\/www.vet.una.py\/index.php?rest_route=%2Fwp%2Fv2%2Fmedia&parent=1636"}],"curies":[{"name":"wp","href":"https:\/\/api.w.org\/{rel}","templated":true}]}}